{"id":3212,"date":"2021-12-05T22:11:45","date_gmt":"2021-12-05T22:11:45","guid":{"rendered":"https:\/\/www.darmorocco.com\/?post_type=mphb_room_type&#038;p=3212"},"modified":"2022-01-10T14:31:48","modified_gmt":"2022-01-10T14:31:48","slug":"la-chambre-sarcelle","status":"publish","type":"mphb_room_type","link":"https:\/\/www.darmorocco.com\/fr\/accommodation\/la-chambre-sarcelle\/","title":{"rendered":"La chambre\u00a0sarcelle"},"content":{"rendered":"\t\t<div data-elementor-type=\"wp-post\" data-elementor-id=\"3212\" class=\"elementor elementor-3212\">\n\t\t\t\t\t\t<section class=\"elementor-section elementor-top-section elementor-element elementor-element-4580bd97 elementor-section-boxed elementor-section-height-default elementor-section-height-default\" data-id=\"4580bd97\" data-element_type=\"section\" data-settings=\"{&quot;hoteller_ext_is_background_parallax&quot;:&quot;false&quot;,&quot;hoteller_ext_is_background_on_scroll&quot;:&quot;false&quot;}\">\n\t\t\t\t\t\t<div class=\"elementor-container elementor-column-gap-default\">\n\t\t\t\t\t<div class=\"elementor-column elementor-col-100 elementor-top-column elementor-element elementor-element-59cfc9c6\" data-id=\"59cfc9c6\" data-element_type=\"column\" data-settings=\"{&quot;hoteller_ext_is_scrollme&quot;:&quot;false&quot;,&quot;hoteller_ext_is_smoove&quot;:&quot;false&quot;,&quot;hoteller_ext_is_parallax_mouse&quot;:&quot;false&quot;,&quot;hoteller_ext_is_infinite&quot;:&quot;false&quot;,&quot;hoteller_ext_is_fadeout_animation&quot;:&quot;false&quot;}\">\n\t\t\t<div class=\"elementor-widget-wrap elementor-element-populated\">\n\t\t\t\t\t\t<div class=\"elementor-element elementor-element-252e3eb6 elementor-widget elementor-widget-text-editor\" data-id=\"252e3eb6\" data-element_type=\"widget\" data-settings=\"{&quot;hoteller_ext_is_scrollme&quot;:&quot;false&quot;,&quot;hoteller_ext_is_smoove&quot;:&quot;false&quot;,&quot;hoteller_ext_is_parallax_mouse&quot;:&quot;false&quot;,&quot;hoteller_ext_is_infinite&quot;:&quot;false&quot;,&quot;hoteller_ext_is_fadeout_animation&quot;:&quot;false&quot;}\" data-widget_type=\"text-editor.default\">\n\t\t\t\t<div class=\"elementor-widget-container\">\n\t\t\t<style>\/*! elementor - v3.20.0 - 20-03-2024 *\/\n.elementor-widget-text-editor.elementor-drop-cap-view-stacked .elementor-drop-cap{background-color:#69727d;color:#fff}.elementor-widget-text-editor.elementor-drop-cap-view-framed .elementor-drop-cap{color:#69727d;border:3px solid;background-color:transparent}.elementor-widget-text-editor:not(.elementor-drop-cap-view-default) .elementor-drop-cap{margin-top:8px}.elementor-widget-text-editor:not(.elementor-drop-cap-view-default) .elementor-drop-cap-letter{width:1em;height:1em}.elementor-widget-text-editor .elementor-drop-cap{float:left;text-align:center;line-height:1;font-size:50px}.elementor-widget-text-editor .elementor-drop-cap-letter{display:inline-block}<\/style>\t\t\t\t<h3><strong>La chambre\u00a0sarcelle<\/strong><\/h3><p>Id\u00e9al pour les amis<\/p><p>Est situ\u00e9e au deuxi\u00e8me \u00e9tage avec entr\u00e9e par la terrasse. Dispose de 3 lits Simple\u00a0 et deux tables de chevet. Le sol est en mosa\u00efques <a href=\"https:\/\/www.google.co.uk\/travel\/hotels\/Merzouga\/entity\/CgoIp4CX3OSXv98JEAE\/reviews?g2lb=46058614641139250254825037814689846466552446244112503771468349144017694649665464024743068354317915427044244193644597339459636442581684371334428497042915174270859&amp;hl=fr-MA&amp;gl=ma&amp;ssta=1&amp;ap=aAE&amp;q=darmoroccomerzouga&amp;rp=EKeAl9zkl7_fCRCKtcy8j-bH2J0BELi61Z3whL6R1AEQ19Tpn_S_88UYOAJAAEgCogELRGFyIE1vcm9jY2_AAQPIAQA&amp;ictx=1&amp;utm_campaign=sharing&amp;utm_medium=link&amp;utm_source=htls&amp;ts=CAESABogCgIaABIaEhQKBwjmDxABGAsSBwjmDxABGAwYATICEAAqCQoFOgNNQUQaAA&amp;ved=0CAAQ5JsGahcKEwioh-PUn6f1AhUAAAAAHQAAAAAQBg\" target=\"_blank\" rel=\"noopener\">traditionnelles. La chambre<\/a> dispose d&rsquo;une armoire, d&rsquo;une table d&rsquo;appoint avec miroir, d&rsquo;un <a href=\"https:\/\/www.darmorocco.com\/fr\/\">repose-valise<\/a> et d&rsquo;un canap\u00e9 d&rsquo;angle avec une table \u00e0 th\u00e9 en cuivre au centre. Grande salle de <a href=\"https:\/\/www.tripadvisor.com\/Hotel_Review-g304017-d23729966-Reviews-Dar_Morocco-Merzouga_Draa_Tafilalet.html\" target=\"_blank\" rel=\"noopener\">bain priv\u00e9e<\/a> avec douche, lavabo, toilettes, serviettes, set de douche et s\u00e8che-cheveux. Chambre avec air conditionn\u00e9. \u00c9galement convertible en chambre triple ou quadruple.<\/p>\t\t\t\t\t\t<\/div>\n\t\t\t\t<\/div>\n\t\t\t\t\t<\/div>\n\t\t<\/div>\n\t\t\t\t\t<\/div>\n\t\t<\/section>\n\t\t\t\t<\/div>\n\t\t","protected":false},"excerpt":{"rendered":"<p>Id\u00e9al pour les amis<\/p>\n","protected":false},"featured_media":3326,"menu_order":0,"comment_status":"closed","ping_status":"closed","template":"","mphb_room_type_category":[47,45,46,44,36],"mphb_room_type_tag":[],"mphb_room_type_facility":[25,29,31,39,30,40,38,28,27],"class_list":["post-3212","mphb_room_type","type-mphb_room_type","status-publish","has-post-thumbnail","hentry","mphb_room_type_category-comfort-quadruple-room","mphb_room_type_category-comfort-triple-room","mphb_room_type_category-deluxe-twin-room","mphb_room_type_category-double-room","mphb_room_type_category-standard-rooms","mphb_room_type_facility-climatisation","mphb_room_type_facility-fer-et-planche-a-repasser-sur-demande","mphb_room_type_facility-non-fumeur","mphb_room_type_facility-salle-de-bain-attenante","mphb_room_type_facility-seche-cheveux-sur-demande","mphb_room_type_facility-serviettes-de-bain","mphb_room_type_facility-station-de-charge-usb-et-adaptateur","mphb_room_type_facility-vue-de-lembleme","mphb_room_type_facility-wifi-gratuit-avec-possibilite-de-recharge","mphb-room-type-adults-2","mphb-room-type-children-0",""],"yoast_head":"<!-- This site is optimized with the Yoast SEO plugin v22.3 - https:\/\/yoast.com\/wordpress\/plugins\/seo\/ -->\n<title>La chambre\u00a0sarcelle: Riad Dar Morocco<\/title>\n<meta name=\"description\" content=\"La chambre\u00a0sarcelle, logement au maroc, h\u00e9bergement dans le d\u00e9sert, h\u00e9bergement \u00e0 erg chebbi, La chambre\u00a0sarcelle\" \/>\n<meta name=\"robots\" content=\"index, follow, max-snippet:-1, max-image-preview:large, max-video-preview:-1\" \/>\n<link rel=\"canonical\" href=\"https:\/\/www.darmorocco.com\/fr\/accommodation\/la-chambre-sarcelle\/\" \/>\n<meta property=\"og:locale\" content=\"fr_FR\" \/>\n<meta property=\"og:type\" content=\"article\" \/>\n<meta property=\"og:title\" content=\"La chambre\u00a0sarcelle: Riad Dar Morocco\" \/>\n<meta property=\"og:description\" content=\"La chambre\u00a0sarcelle, logement au maroc, h\u00e9bergement dans le d\u00e9sert, h\u00e9bergement \u00e0 erg chebbi, La chambre\u00a0sarcelle\" \/>\n<meta property=\"og:url\" content=\"https:\/\/www.darmorocco.com\/fr\/accommodation\/la-chambre-sarcelle\/\" \/>\n<meta property=\"og:site_name\" content=\"Riad Dar Morocco\" \/>\n<meta property=\"article:modified_time\" content=\"2022-01-10T14:31:48+00:00\" \/>\n<meta property=\"og:image\" content=\"https:\/\/www.darmorocco.com\/fr\/wp-content\/uploads\/2021\/12\/Dar-Morocco-109-2.jpg\" \/>\n\t<meta property=\"og:image:width\" content=\"1440\" \/>\n\t<meta property=\"og:image:height\" content=\"990\" \/>\n\t<meta property=\"og:image:type\" content=\"image\/jpeg\" \/>\n<meta name=\"twitter:card\" content=\"summary_large_image\" \/>\n<meta name=\"twitter:label1\" content=\"Dur\u00e9e de lecture estim\u00e9e\" \/>\n\t<meta name=\"twitter:data1\" content=\"1 minute\" \/>\n<script type=\"application\/ld+json\" class=\"yoast-schema-graph\">{\"@context\":\"https:\/\/schema.org\",\"@graph\":[{\"@type\":\"WebPage\",\"@id\":\"https:\/\/www.darmorocco.com\/fr\/accommodation\/la-chambre-sarcelle\/\",\"url\":\"https:\/\/www.darmorocco.com\/fr\/accommodation\/la-chambre-sarcelle\/\",\"name\":\"La chambre\u00a0sarcelle: Riad Dar Morocco\",\"isPartOf\":{\"@id\":\"https:\/\/www.darmorocco.com\/fr\/#website\"},\"primaryImageOfPage\":{\"@id\":\"https:\/\/www.darmorocco.com\/fr\/accommodation\/la-chambre-sarcelle\/#primaryimage\"},\"image\":{\"@id\":\"https:\/\/www.darmorocco.com\/fr\/accommodation\/la-chambre-sarcelle\/#primaryimage\"},\"thumbnailUrl\":\"https:\/\/www.darmorocco.com\/fr\/wp-content\/uploads\/2021\/12\/Dar-Morocco-109-2.jpg\",\"datePublished\":\"2021-12-05T22:11:45+00:00\",\"dateModified\":\"2022-01-10T14:31:48+00:00\",\"description\":\"La chambre\u00a0sarcelle, logement au maroc, h\u00e9bergement dans le d\u00e9sert, h\u00e9bergement \u00e0 erg chebbi, La chambre\u00a0sarcelle\",\"breadcrumb\":{\"@id\":\"https:\/\/www.darmorocco.com\/fr\/accommodation\/la-chambre-sarcelle\/#breadcrumb\"},\"inLanguage\":\"fr-FR\",\"potentialAction\":[{\"@type\":\"ReadAction\",\"target\":[\"https:\/\/www.darmorocco.com\/fr\/accommodation\/la-chambre-sarcelle\/\"]}]},{\"@type\":\"ImageObject\",\"inLanguage\":\"fr-FR\",\"@id\":\"https:\/\/www.darmorocco.com\/fr\/accommodation\/la-chambre-sarcelle\/#primaryimage\",\"url\":\"https:\/\/www.darmorocco.com\/fr\/wp-content\/uploads\/2021\/12\/Dar-Morocco-109-2.jpg\",\"contentUrl\":\"https:\/\/www.darmorocco.com\/fr\/wp-content\/uploads\/2021\/12\/Dar-Morocco-109-2.jpg\",\"width\":1440,\"height\":990},{\"@type\":\"BreadcrumbList\",\"@id\":\"https:\/\/www.darmorocco.com\/fr\/accommodation\/la-chambre-sarcelle\/#breadcrumb\",\"itemListElement\":[{\"@type\":\"ListItem\",\"position\":1,\"name\":\"Accueil\",\"item\":\"https:\/\/www.darmorocco.com\/fr\/\"},{\"@type\":\"ListItem\",\"position\":2,\"name\":\"Types de logement\",\"item\":\"https:\/\/www.darmorocco.com\/fr\/accommodation\/\"},{\"@type\":\"ListItem\",\"position\":3,\"name\":\"La chambre\u00a0sarcelle\"}]},{\"@type\":\"WebSite\",\"@id\":\"https:\/\/www.darmorocco.com\/fr\/#website\",\"url\":\"https:\/\/www.darmorocco.com\/fr\/\",\"name\":\"Riad Dar Morocco\",\"description\":\"Stay with us Feel like Home\",\"potentialAction\":[{\"@type\":\"SearchAction\",\"target\":{\"@type\":\"EntryPoint\",\"urlTemplate\":\"https:\/\/www.darmorocco.com\/fr\/?s={search_term_string}\"},\"query-input\":\"required name=search_term_string\"}],\"inLanguage\":\"fr-FR\"}]}<\/script>\n<!-- \/ Yoast SEO plugin. -->","yoast_head_json":{"title":"La chambre\u00a0sarcelle: Riad Dar Morocco","description":"La chambre\u00a0sarcelle, logement au maroc, h\u00e9bergement dans le d\u00e9sert, h\u00e9bergement \u00e0 erg chebbi, La chambre\u00a0sarcelle","robots":{"index":"index","follow":"follow","max-snippet":"max-snippet:-1","max-image-preview":"max-image-preview:large","max-video-preview":"max-video-preview:-1"},"canonical":"https:\/\/www.darmorocco.com\/fr\/accommodation\/la-chambre-sarcelle\/","og_locale":"fr_FR","og_type":"article","og_title":"La chambre\u00a0sarcelle: Riad Dar Morocco","og_description":"La chambre\u00a0sarcelle, logement au maroc, h\u00e9bergement dans le d\u00e9sert, h\u00e9bergement \u00e0 erg chebbi, La chambre\u00a0sarcelle","og_url":"https:\/\/www.darmorocco.com\/fr\/accommodation\/la-chambre-sarcelle\/","og_site_name":"Riad Dar Morocco","article_modified_time":"2022-01-10T14:31:48+00:00","og_image":[{"width":1440,"height":990,"url":"https:\/\/www.darmorocco.com\/fr\/wp-content\/uploads\/2021\/12\/Dar-Morocco-109-2.jpg","type":"image\/jpeg"}],"twitter_card":"summary_large_image","twitter_misc":{"Dur\u00e9e de lecture estim\u00e9e":"1 minute"},"schema":{"@context":"https:\/\/schema.org","@graph":[{"@type":"WebPage","@id":"https:\/\/www.darmorocco.com\/fr\/accommodation\/la-chambre-sarcelle\/","url":"https:\/\/www.darmorocco.com\/fr\/accommodation\/la-chambre-sarcelle\/","name":"La chambre\u00a0sarcelle: Riad Dar Morocco","isPartOf":{"@id":"https:\/\/www.darmorocco.com\/fr\/#website"},"primaryImageOfPage":{"@id":"https:\/\/www.darmorocco.com\/fr\/accommodation\/la-chambre-sarcelle\/#primaryimage"},"image":{"@id":"https:\/\/www.darmorocco.com\/fr\/accommodation\/la-chambre-sarcelle\/#primaryimage"},"thumbnailUrl":"https:\/\/www.darmorocco.com\/fr\/wp-content\/uploads\/2021\/12\/Dar-Morocco-109-2.jpg","datePublished":"2021-12-05T22:11:45+00:00","dateModified":"2022-01-10T14:31:48+00:00","description":"La chambre\u00a0sarcelle, logement au maroc, h\u00e9bergement dans le d\u00e9sert, h\u00e9bergement \u00e0 erg chebbi, La chambre\u00a0sarcelle","breadcrumb":{"@id":"https:\/\/www.darmorocco.com\/fr\/accommodation\/la-chambre-sarcelle\/#breadcrumb"},"inLanguage":"fr-FR","potentialAction":[{"@type":"ReadAction","target":["https:\/\/www.darmorocco.com\/fr\/accommodation\/la-chambre-sarcelle\/"]}]},{"@type":"ImageObject","inLanguage":"fr-FR","@id":"https:\/\/www.darmorocco.com\/fr\/accommodation\/la-chambre-sarcelle\/#primaryimage","url":"https:\/\/www.darmorocco.com\/fr\/wp-content\/uploads\/2021\/12\/Dar-Morocco-109-2.jpg","contentUrl":"https:\/\/www.darmorocco.com\/fr\/wp-content\/uploads\/2021\/12\/Dar-Morocco-109-2.jpg","width":1440,"height":990},{"@type":"BreadcrumbList","@id":"https:\/\/www.darmorocco.com\/fr\/accommodation\/la-chambre-sarcelle\/#breadcrumb","itemListElement":[{"@type":"ListItem","position":1,"name":"Accueil","item":"https:\/\/www.darmorocco.com\/fr\/"},{"@type":"ListItem","position":2,"name":"Types de logement","item":"https:\/\/www.darmorocco.com\/fr\/accommodation\/"},{"@type":"ListItem","position":3,"name":"La chambre\u00a0sarcelle"}]},{"@type":"WebSite","@id":"https:\/\/www.darmorocco.com\/fr\/#website","url":"https:\/\/www.darmorocco.com\/fr\/","name":"Riad Dar Morocco","description":"Stay with us Feel like Home","potentialAction":[{"@type":"SearchAction","target":{"@type":"EntryPoint","urlTemplate":"https:\/\/www.darmorocco.com\/fr\/?s={search_term_string}"},"query-input":"required name=search_term_string"}],"inLanguage":"fr-FR"}]}},"_links":{"self":[{"href":"https:\/\/www.darmorocco.com\/fr\/wp-json\/wp\/v2\/mphb_room_type\/3212","targetHints":{"allow":["GET"]}}],"collection":[{"href":"https:\/\/www.darmorocco.com\/fr\/wp-json\/wp\/v2\/mphb_room_type"}],"about":[{"href":"https:\/\/www.darmorocco.com\/fr\/wp-json\/wp\/v2\/types\/mphb_room_type"}],"replies":[{"embeddable":true,"href":"https:\/\/www.darmorocco.com\/fr\/wp-json\/wp\/v2\/comments?post=3212"}],"version-history":[{"count":12,"href":"https:\/\/www.darmorocco.com\/fr\/wp-json\/wp\/v2\/mphb_room_type\/3212\/revisions"}],"predecessor-version":[{"id":5262,"href":"https:\/\/www.darmorocco.com\/fr\/wp-json\/wp\/v2\/mphb_room_type\/3212\/revisions\/5262"}],"wp:featuredmedia":[{"embeddable":true,"href":"https:\/\/www.darmorocco.com\/fr\/wp-json\/wp\/v2\/media\/3326"}],"wp:attachment":[{"href":"https:\/\/www.darmorocco.com\/fr\/wp-json\/wp\/v2\/media?parent=3212"}],"wp:term":[{"taxonomy":"mphb_room_type_category","embeddable":true,"href":"https:\/\/www.darmorocco.com\/fr\/wp-json\/wp\/v2\/mphb_room_type_category?post=3212"},{"taxonomy":"mphb_room_type_tag","embeddable":true,"href":"https:\/\/www.darmorocco.com\/fr\/wp-json\/wp\/v2\/mphb_room_type_tag?post=3212"},{"taxonomy":"mphb_room_type_facility","embeddable":true,"href":"https:\/\/www.darmorocco.com\/fr\/wp-json\/wp\/v2\/mphb_room_type_facility?post=3212"}],"curies":[{"name":"wp","href":"https:\/\/api.w.org\/{rel}","templated":true}]}}