{"id":204,"date":"2018-06-13T11:45:42","date_gmt":"2018-06-13T11:45:42","guid":{"rendered":"https:\/\/themes.themegoods.com\/hoteller\/mountain\/?page_id=204"},"modified":"2022-10-08T17:31:23","modified_gmt":"2022-10-08T17:31:23","slug":"chambres","status":"publish","type":"page","link":"https:\/\/www.darmorocco.com\/fr\/chambres\/","title":{"rendered":"Chambres"},"content":{"rendered":"\t\t<div data-elementor-type=\"wp-post\" data-elementor-id=\"204\" class=\"elementor elementor-204\">\n\t\t\t\t\t\t<section class=\"elementor-section elementor-top-section elementor-element elementor-element-77b001a elementor-section-stretched elementor-section-height-min-height elementor-section-items-bottom elementor-hidden-mobile elementor-section-boxed elementor-section-height-default\" data-id=\"77b001a\" data-element_type=\"section\" data-settings=\"{&quot;stretch_section&quot;:&quot;section-stretched&quot;,&quot;background_background&quot;:&quot;classic&quot;,&quot;hoteller_ext_is_background_parallax&quot;:&quot;false&quot;,&quot;hoteller_ext_is_background_on_scroll&quot;:&quot;false&quot;}\">\n\t\t\t\t\t\t\t<div class=\"elementor-background-overlay\"><\/div>\n\t\t\t\t\t\t\t<div class=\"elementor-container elementor-column-gap-default\">\n\t\t\t\t\t<div class=\"elementor-column elementor-col-100 elementor-top-column elementor-element elementor-element-03ea0b9\" data-id=\"03ea0b9\" data-element_type=\"column\" data-settings=\"{&quot;hoteller_ext_is_scrollme&quot;:&quot;false&quot;,&quot;hoteller_ext_is_smoove&quot;:&quot;false&quot;,&quot;hoteller_ext_is_parallax_mouse&quot;:&quot;false&quot;,&quot;hoteller_ext_is_infinite&quot;:&quot;false&quot;,&quot;hoteller_ext_is_fadeout_animation&quot;:&quot;false&quot;}\">\n\t\t\t<div class=\"elementor-widget-wrap elementor-element-populated\">\n\t\t\t\t\t\t<div class=\"elementor-element elementor-element-2d8d6ba elementor-invisible elementor-widget elementor-widget-heading\" data-id=\"2d8d6ba\" data-element_type=\"widget\" data-settings=\"{&quot;_animation&quot;:&quot;fadeInUp&quot;,&quot;_animation_delay&quot;:400,&quot;hoteller_ext_is_scrollme&quot;:&quot;false&quot;,&quot;hoteller_ext_is_smoove&quot;:&quot;false&quot;,&quot;hoteller_ext_is_parallax_mouse&quot;:&quot;false&quot;,&quot;hoteller_ext_is_infinite&quot;:&quot;false&quot;,&quot;hoteller_ext_is_fadeout_animation&quot;:&quot;false&quot;}\" data-widget_type=\"heading.default\">\n\t\t\t\t<div class=\"elementor-widget-container\">\n\t\t\t<style>\/*! elementor - v3.20.0 - 20-03-2024 *\/\n.elementor-heading-title{padding:0;margin:0;line-height:1}.elementor-widget-heading .elementor-heading-title[class*=elementor-size-]>a{color:inherit;font-size:inherit;line-height:inherit}.elementor-widget-heading .elementor-heading-title.elementor-size-small{font-size:15px}.elementor-widget-heading .elementor-heading-title.elementor-size-medium{font-size:19px}.elementor-widget-heading .elementor-heading-title.elementor-size-large{font-size:29px}.elementor-widget-heading .elementor-heading-title.elementor-size-xl{font-size:39px}.elementor-widget-heading .elementor-heading-title.elementor-size-xxl{font-size:59px}<\/style><h4 class=\"elementor-heading-title elementor-size-small\">D\u00e9couvrez les Chambre de Riad <\/h4>\t\t<\/div>\n\t\t\t\t<\/div>\n\t\t\t\t<div class=\"elementor-element elementor-element-2c50541 elementor-invisible elementor-widget elementor-widget-heading\" data-id=\"2c50541\" data-element_type=\"widget\" data-settings=\"{&quot;_animation&quot;:&quot;fadeInUp&quot;,&quot;_animation_delay&quot;:400,&quot;hoteller_ext_is_scrollme&quot;:&quot;false&quot;,&quot;hoteller_ext_is_smoove&quot;:&quot;false&quot;,&quot;hoteller_ext_is_parallax_mouse&quot;:&quot;false&quot;,&quot;hoteller_ext_is_infinite&quot;:&quot;false&quot;,&quot;hoteller_ext_is_fadeout_animation&quot;:&quot;false&quot;}\" data-widget_type=\"heading.default\">\n\t\t\t\t<div class=\"elementor-widget-container\">\n\t\t\t<h4 class=\"elementor-heading-title elementor-size-small\">De luxe Dar Morocco<\/h4>\t\t<\/div>\n\t\t\t\t<\/div>\n\t\t\t\t\t<\/div>\n\t\t<\/div>\n\t\t\t\t\t<\/div>\n\t\t<\/section>\n\t\t\t\t<section class=\"elementor-section elementor-top-section elementor-element elementor-element-5ae72d5 elementor-section-stretched elementor-section-height-min-height elementor-section-items-bottom elementor-hidden-desktop elementor-hidden-tablet elementor-section-boxed elementor-section-height-default\" data-id=\"5ae72d5\" data-element_type=\"section\" data-settings=\"{&quot;stretch_section&quot;:&quot;section-stretched&quot;,&quot;background_background&quot;:&quot;classic&quot;,&quot;hoteller_ext_is_background_parallax&quot;:&quot;false&quot;,&quot;hoteller_ext_is_background_on_scroll&quot;:&quot;false&quot;}\">\n\t\t\t\t\t\t\t<div class=\"elementor-background-overlay\"><\/div>\n\t\t\t\t\t\t\t<div class=\"elementor-container elementor-column-gap-default\">\n\t\t\t\t\t<div class=\"elementor-column elementor-col-100 elementor-top-column elementor-element elementor-element-658fabd\" data-id=\"658fabd\" data-element_type=\"column\" data-settings=\"{&quot;hoteller_ext_is_scrollme&quot;:&quot;false&quot;,&quot;hoteller_ext_is_smoove&quot;:&quot;false&quot;,&quot;hoteller_ext_is_parallax_mouse&quot;:&quot;false&quot;,&quot;hoteller_ext_is_infinite&quot;:&quot;false&quot;,&quot;hoteller_ext_is_fadeout_animation&quot;:&quot;false&quot;}\">\n\t\t\t<div class=\"elementor-widget-wrap elementor-element-populated\">\n\t\t\t\t\t\t<div class=\"elementor-element elementor-element-75fa461 elementor-invisible elementor-widget elementor-widget-heading\" data-id=\"75fa461\" data-element_type=\"widget\" data-settings=\"{&quot;_animation&quot;:&quot;fadeInUp&quot;,&quot;_animation_delay&quot;:400,&quot;hoteller_ext_is_scrollme&quot;:&quot;false&quot;,&quot;hoteller_ext_is_smoove&quot;:&quot;false&quot;,&quot;hoteller_ext_is_parallax_mouse&quot;:&quot;false&quot;,&quot;hoteller_ext_is_infinite&quot;:&quot;false&quot;,&quot;hoteller_ext_is_fadeout_animation&quot;:&quot;false&quot;}\" data-widget_type=\"heading.default\">\n\t\t\t\t<div class=\"elementor-widget-container\">\n\t\t\t<h4 class=\"elementor-heading-title elementor-size-medium\">D\u00e9couvrez les Chambre de Riad de luxe Dar Morocco<\/h4>\t\t<\/div>\n\t\t\t\t<\/div>\n\t\t\t\t\t<\/div>\n\t\t<\/div>\n\t\t\t\t\t<\/div>\n\t\t<\/section>\n\t\t\t\t<section class=\"elementor-section elementor-top-section elementor-element elementor-element-ae9e486 elementor-section-boxed elementor-section-height-default elementor-section-height-default\" data-id=\"ae9e486\" data-element_type=\"section\" data-settings=\"{&quot;hoteller_ext_is_background_parallax&quot;:&quot;false&quot;,&quot;hoteller_ext_is_background_on_scroll&quot;:&quot;false&quot;}\">\n\t\t\t\t\t\t<div class=\"elementor-container elementor-column-gap-wider\">\n\t\t\t\t\t<div class=\"elementor-column elementor-col-66 elementor-top-column elementor-element elementor-element-d93f4bd\" data-id=\"d93f4bd\" data-element_type=\"column\" data-settings=\"{&quot;hoteller_ext_is_scrollme&quot;:&quot;false&quot;,&quot;hoteller_ext_is_smoove&quot;:&quot;false&quot;,&quot;hoteller_ext_is_parallax_mouse&quot;:&quot;false&quot;,&quot;hoteller_ext_is_infinite&quot;:&quot;false&quot;,&quot;hoteller_ext_is_fadeout_animation&quot;:&quot;false&quot;}\">\n\t\t\t<div class=\"elementor-widget-wrap elementor-element-populated\">\n\t\t\t\t\t\t<div class=\"elementor-element elementor-element-9f40929 elementor-invisible elementor-widget elementor-widget-text-editor\" data-id=\"9f40929\" data-element_type=\"widget\" data-settings=\"{&quot;_animation&quot;:&quot;fadeInUp&quot;,&quot;hoteller_ext_is_scrollme&quot;:&quot;false&quot;,&quot;hoteller_ext_is_smoove&quot;:&quot;false&quot;,&quot;hoteller_ext_is_parallax_mouse&quot;:&quot;false&quot;,&quot;hoteller_ext_is_infinite&quot;:&quot;false&quot;,&quot;hoteller_ext_is_fadeout_animation&quot;:&quot;false&quot;}\" data-widget_type=\"text-editor.default\">\n\t\t\t\t<div class=\"elementor-widget-container\">\n\t\t\t<style>\/*! elementor - v3.20.0 - 20-03-2024 *\/\n.elementor-widget-text-editor.elementor-drop-cap-view-stacked .elementor-drop-cap{background-color:#69727d;color:#fff}.elementor-widget-text-editor.elementor-drop-cap-view-framed .elementor-drop-cap{color:#69727d;border:3px solid;background-color:transparent}.elementor-widget-text-editor:not(.elementor-drop-cap-view-default) .elementor-drop-cap{margin-top:8px}.elementor-widget-text-editor:not(.elementor-drop-cap-view-default) .elementor-drop-cap-letter{width:1em;height:1em}.elementor-widget-text-editor .elementor-drop-cap{float:left;text-align:center;line-height:1;font-size:50px}.elementor-widget-text-editor .elementor-drop-cap-letter{display:inline-block}<\/style>\t\t\t\t<p class=\"p1\" style=\"text-align: center;\">Riad <span class=\"s1\" style=\"color: #8d6c4a;\"><i>Dar Morocco<\/i><\/span> Hotel \u00e0 Merzouga<\/p>\t\t\t\t\t\t<\/div>\n\t\t\t\t<\/div>\n\t\t\t\t<div class=\"elementor-element elementor-element-b452881 elementor-invisible elementor-widget elementor-widget-text-editor\" data-id=\"b452881\" data-element_type=\"widget\" data-settings=\"{&quot;_animation&quot;:&quot;fadeInUp&quot;,&quot;_animation_delay&quot;:400,&quot;hoteller_ext_is_scrollme&quot;:&quot;false&quot;,&quot;hoteller_ext_is_smoove&quot;:&quot;false&quot;,&quot;hoteller_ext_is_parallax_mouse&quot;:&quot;false&quot;,&quot;hoteller_ext_is_infinite&quot;:&quot;false&quot;,&quot;hoteller_ext_is_fadeout_animation&quot;:&quot;false&quot;}\" data-widget_type=\"text-editor.default\">\n\t\t\t\t<div class=\"elementor-widget-container\">\n\t\t\t\t\t\t\t<p class=\"p1\">Nos chambres conservent un style marocain \u00e9l\u00e9gant et traditionnel. <a href=\"https:\/\/www.darmorocco.com\/fr\/\">Les chambres<\/a> sont toutes tr\u00e8s spacieuses et pr\u00e9sentent des tissus fins. Vous trouverez la climatisation, <a href=\"https:\/\/www.tripadvisor.com\/Hotel_Review-g304017-d23729966-Reviews-Dar_Morocco-Merzouga_Draa_Tafilalet.html\" target=\"_blank\" rel=\"noopener\">une armoire<\/a> confortable, un petit coin salon, <a href=\"https:\/\/www.google.co.uk\/travel\/hotels\/Merzouga\/entity\/CgoIp4CX3OSXv98JEAE\/reviews?g2lb=46058614641139250254825037814689846466552446244112503771468349144017694649665464024743068354317915427044244193644597339459636442581684371334428497042915174270859&amp;hl=fr-MA&amp;gl=ma&amp;ssta=1&amp;ap=aAE&amp;q=darmoroccomerzouga&amp;rp=EKeAl9zkl7_fCRCKtcy8j-bH2J0BELi61Z3whL6R1AEQ19Tpn_S_88UYOAJAAEgCogELRGFyIE1vcm9jY2_AAQPIAQA&amp;ictx=1&amp;utm_campaign=sharing&amp;utm_medium=link&amp;utm_source=htls&amp;ts=CAESABogCgIaABIaEhQKBwjmDxABGAsSBwjmDxABGAwYATICEAAqCQoFOgNNQUQaAA&amp;ved=0CAAQ5JsGahcKEwioh-PUn6f1AhUAAAAAHQAAAAAQBg\" target=\"_blank\" rel=\"noopener\">une grande<\/a> salle de bains priv\u00e9e avec douche. La particularit\u00e9 de nos chambres est qu&rsquo;elles sont chacune d&rsquo;une couleur diff\u00e9rente et qu&rsquo;elles sont faites de tadelakt, une tapisserie marocaine typique que l&rsquo;on trouve \u00e9galement dans les hammams.<\/p>\n<p><strong>Nous avons des Diff\u00e9rentes cat\u00e9gories de chambres:<\/strong><\/p>\n<ul>\n<li>4 <span lang=\"fr\"> mini suites avec lit double king-size (2mx2m)&nbsp;<\/span>&nbsp;110<strong>&nbsp;Euros<\/strong> avec petit-d\u00e9jeuner.<\/li>\n<li>2 suites avec lit double king-side ( 2mx2m ) et Lit Singl ( 2mx1m ) 140<strong>&nbsp;Euros<\/strong> avec petit-d\u00e9jeuner.<\/li>\n<li>3 suites jumelles avec lits simples ( 2x1m ) 110<strong>&nbsp;Euros<\/strong> avec petit-d\u00e9jeuner.<\/li>\n<li>2 suites quadruples avec lit double king-side ( 2mx2m ) et de deux lits simples ( 2mx1m ) 170<strong>&nbsp;Euros<\/strong> avec petit-d\u00e9jeuner.<\/li>\n<li>1 chambre standard avec lit double ( 2&#215;1.6 ) 90<strong>&nbsp;Euros<\/strong> avec petit-d\u00e9jeuner.<\/li>\n<\/ul>\n<p><strong>Veuillez noter ces informations pour les enfants:<\/strong><\/p>\n<ul>\n<li>si vous avez un enfant de moins de 4 ans, il sera gratuit.<\/li>\n<li>Si vous avez un enfant \u00e2g\u00e9 de 5 \u00e0 8 ans, il paiera 50 % du prix.<\/li>\n<li>Si vous avez un enfant de plus de 9 ans, il paiera la totalit\u00e9 du prix.<\/li>\n<\/ul>\t\t\t\t\t\t<\/div>\n\t\t\t\t<\/div>\n\t\t\t\t\t<\/div>\n\t\t<\/div>\n\t\t\t\t<div class=\"elementor-column elementor-col-33 elementor-top-column elementor-element elementor-element-358b992\" data-id=\"358b992\" data-element_type=\"column\" data-settings=\"{&quot;hoteller_ext_is_scrollme&quot;:&quot;false&quot;,&quot;hoteller_ext_is_smoove&quot;:&quot;false&quot;,&quot;hoteller_ext_is_parallax_mouse&quot;:&quot;false&quot;,&quot;hoteller_ext_is_infinite&quot;:&quot;false&quot;,&quot;hoteller_ext_is_fadeout_animation&quot;:&quot;false&quot;}\">\n\t\t\t<div class=\"elementor-widget-wrap elementor-element-populated\">\n\t\t\t\t\t\t<div class=\"elementor-element elementor-element-1029273 elementor-invisible elementor-widget elementor-widget-text-editor\" data-id=\"1029273\" data-element_type=\"widget\" data-settings=\"{&quot;_animation&quot;:&quot;fadeInUp&quot;,&quot;hoteller_ext_is_scrollme&quot;:&quot;false&quot;,&quot;hoteller_ext_is_smoove&quot;:&quot;false&quot;,&quot;hoteller_ext_is_parallax_mouse&quot;:&quot;false&quot;,&quot;hoteller_ext_is_infinite&quot;:&quot;false&quot;,&quot;hoteller_ext_is_fadeout_animation&quot;:&quot;false&quot;}\" data-widget_type=\"text-editor.default\">\n\t\t\t\t<div class=\"elementor-widget-container\">\n\t\t\t\t\t\t\t<p><strong>Riad de Luxe Dar Morocco<\/strong><br \/><span style=\"font-size: 15px;\"> Ksar Tabomiate,Merzouga 52202 Morocco<\/span><\/p><div class=\"textwidget\">Tele: +212 (0)661 959 152<br \/>WhatsApp:+212 (0)666 324 250<br \/>Email: darmorocco1@gmail.com<\/div>\t\t\t\t\t\t<\/div>\n\t\t\t\t<\/div>\n\t\t\t\t\t<\/div>\n\t\t<\/div>\n\t\t\t\t\t<\/div>\n\t\t<\/section>\n\t\t\t\t<section class=\"elementor-section elementor-top-section elementor-element elementor-element-d4d9fc9 elementor-section-boxed elementor-section-height-default elementor-section-height-default\" data-id=\"d4d9fc9\" data-element_type=\"section\" data-settings=\"{&quot;hoteller_ext_is_background_parallax&quot;:&quot;false&quot;,&quot;hoteller_ext_is_background_on_scroll&quot;:&quot;false&quot;}\">\n\t\t\t\t\t\t<div class=\"elementor-container elementor-column-gap-default\">\n\t\t\t\t\t<div class=\"elementor-column elementor-col-33 elementor-top-column elementor-element elementor-element-4089cba\" data-id=\"4089cba\" data-element_type=\"column\" data-settings=\"{&quot;hoteller_ext_is_scrollme&quot;:&quot;false&quot;,&quot;hoteller_ext_is_smoove&quot;:&quot;false&quot;,&quot;hoteller_ext_is_parallax_mouse&quot;:&quot;false&quot;,&quot;hoteller_ext_is_infinite&quot;:&quot;false&quot;,&quot;hoteller_ext_is_fadeout_animation&quot;:&quot;false&quot;}\">\n\t\t\t<div class=\"elementor-widget-wrap elementor-element-populated\">\n\t\t\t\t\t\t<div class=\"elementor-element elementor-element-4f04d42 elementor-widget elementor-widget-image\" data-id=\"4f04d42\" data-element_type=\"widget\" data-settings=\"{&quot;hoteller_image_is_animation&quot;:&quot;false&quot;,&quot;hoteller_ext_is_scrollme&quot;:&quot;false&quot;,&quot;hoteller_ext_is_smoove&quot;:&quot;false&quot;,&quot;hoteller_ext_is_parallax_mouse&quot;:&quot;false&quot;,&quot;hoteller_ext_is_infinite&quot;:&quot;false&quot;,&quot;hoteller_ext_is_fadeout_animation&quot;:&quot;false&quot;}\" data-widget_type=\"image.default\">\n\t\t\t\t<div class=\"elementor-widget-container\">\n\t\t\t<style>\/*! elementor - v3.20.0 - 20-03-2024 *\/\n.elementor-widget-image{text-align:center}.elementor-widget-image a{display:inline-block}.elementor-widget-image a img[src$=\".svg\"]{width:48px}.elementor-widget-image img{vertical-align:middle;display:inline-block}<\/style>\t\t\t\t\t\t\t\t\t\t<img fetchpriority=\"high\" decoding=\"async\" width=\"1024\" height=\"704\" src=\"https:\/\/www.darmorocco.com\/fr\/wp-content\/uploads\/2021\/12\/dar-morocco-101_0000_Dar-Morocco-101-4-1024x704.jpg\" class=\"attachment-large size-large wp-image-3290\" alt=\"\" srcset=\"https:\/\/www.darmorocco.com\/fr\/wp-content\/uploads\/2021\/12\/dar-morocco-101_0000_Dar-Morocco-101-4-1024x704.jpg 1024w, https:\/\/www.darmorocco.com\/fr\/wp-content\/uploads\/2021\/12\/dar-morocco-101_0000_Dar-Morocco-101-4-300x206.jpg 300w, https:\/\/www.darmorocco.com\/fr\/wp-content\/uploads\/2021\/12\/dar-morocco-101_0000_Dar-Morocco-101-4-768x528.jpg 768w, https:\/\/www.darmorocco.com\/fr\/wp-content\/uploads\/2021\/12\/dar-morocco-101_0000_Dar-Morocco-101-4-440x303.jpg 440w, https:\/\/www.darmorocco.com\/fr\/wp-content\/uploads\/2021\/12\/dar-morocco-101_0000_Dar-Morocco-101-4-600x413.jpg 600w, https:\/\/www.darmorocco.com\/fr\/wp-content\/uploads\/2021\/12\/dar-morocco-101_0000_Dar-Morocco-101-4.jpg 1440w\" sizes=\"(max-width: 1024px) 100vw, 1024px\" \/>\t\t\t\t\t\t\t\t\t\t\t\t\t<\/div>\n\t\t\t\t<\/div>\n\t\t\t\t<div class=\"elementor-element elementor-element-75106c8 elementor-widget elementor-widget-heading\" data-id=\"75106c8\" data-element_type=\"widget\" data-settings=\"{&quot;hoteller_ext_is_scrollme&quot;:&quot;false&quot;,&quot;hoteller_ext_is_smoove&quot;:&quot;false&quot;,&quot;hoteller_ext_is_parallax_mouse&quot;:&quot;false&quot;,&quot;hoteller_ext_is_infinite&quot;:&quot;false&quot;,&quot;hoteller_ext_is_fadeout_animation&quot;:&quot;false&quot;}\" data-widget_type=\"heading.default\">\n\t\t\t\t<div class=\"elementor-widget-container\">\n\t\t\t<h2 class=\"elementor-heading-title elementor-size-medium\">La chambre d\u2019ivoire<\/h2>\t\t<\/div>\n\t\t\t\t<\/div>\n\t\t\t\t<div class=\"elementor-element elementor-element-e205391 elementor-widget elementor-widget-text-editor\" data-id=\"e205391\" data-element_type=\"widget\" data-settings=\"{&quot;hoteller_ext_is_scrollme&quot;:&quot;false&quot;,&quot;hoteller_ext_is_smoove&quot;:&quot;false&quot;,&quot;hoteller_ext_is_parallax_mouse&quot;:&quot;false&quot;,&quot;hoteller_ext_is_infinite&quot;:&quot;false&quot;,&quot;hoteller_ext_is_fadeout_animation&quot;:&quot;false&quot;}\" data-widget_type=\"text-editor.default\">\n\t\t\t\t<div class=\"elementor-widget-container\">\n\t\t\t\t\t\t\t<p style=\"text-align: center;\"><span lang=\"fr\">Simple avec lit double et deux tables de chevet. Le sol est en mosa\u00efques traditionnelles. La chambre est \u00e9quip\u00e9e d&rsquo;une armoire<\/span><\/p>\t\t\t\t\t\t<\/div>\n\t\t\t\t<\/div>\n\t\t\t\t<div class=\"elementor-element elementor-element-5522731 elementor-align-center elementor-widget elementor-widget-button\" data-id=\"5522731\" data-element_type=\"widget\" data-settings=\"{&quot;hoteller_ext_is_scrollme&quot;:&quot;false&quot;,&quot;hoteller_ext_is_smoove&quot;:&quot;false&quot;,&quot;hoteller_ext_is_parallax_mouse&quot;:&quot;false&quot;,&quot;hoteller_ext_is_infinite&quot;:&quot;false&quot;,&quot;hoteller_ext_is_fadeout_animation&quot;:&quot;false&quot;}\" data-widget_type=\"button.default\">\n\t\t\t\t<div class=\"elementor-widget-container\">\n\t\t\t\t\t<div class=\"elementor-button-wrapper\">\n\t\t\t<a class=\"elementor-button elementor-button-link elementor-size-sm elementor-animation-shrink\" href=\"https:\/\/www.darmorocco.com\/fr\/accommodation\/la-chambre-divoire\/\">\n\t\t\t\t\t\t<span class=\"elementor-button-content-wrapper\">\n\t\t\t\t\t\t<span class=\"elementor-button-text\">Plus d'info<\/span>\n\t\t<\/span>\n\t\t\t\t\t<\/a>\n\t\t<\/div>\n\t\t\t\t<\/div>\n\t\t\t\t<\/div>\n\t\t\t\t\t<\/div>\n\t\t<\/div>\n\t\t\t\t<div class=\"elementor-column elementor-col-33 elementor-top-column elementor-element elementor-element-deeffe9\" data-id=\"deeffe9\" data-element_type=\"column\" data-settings=\"{&quot;hoteller_ext_is_scrollme&quot;:&quot;false&quot;,&quot;hoteller_ext_is_smoove&quot;:&quot;false&quot;,&quot;hoteller_ext_is_parallax_mouse&quot;:&quot;false&quot;,&quot;hoteller_ext_is_infinite&quot;:&quot;false&quot;,&quot;hoteller_ext_is_fadeout_animation&quot;:&quot;false&quot;}\">\n\t\t\t<div class=\"elementor-widget-wrap elementor-element-populated\">\n\t\t\t\t\t\t<div class=\"elementor-element elementor-element-de67f54 elementor-widget elementor-widget-image\" data-id=\"de67f54\" data-element_type=\"widget\" data-settings=\"{&quot;hoteller_image_is_animation&quot;:&quot;false&quot;,&quot;hoteller_ext_is_scrollme&quot;:&quot;false&quot;,&quot;hoteller_ext_is_smoove&quot;:&quot;false&quot;,&quot;hoteller_ext_is_parallax_mouse&quot;:&quot;false&quot;,&quot;hoteller_ext_is_infinite&quot;:&quot;false&quot;,&quot;hoteller_ext_is_fadeout_animation&quot;:&quot;false&quot;}\" data-widget_type=\"image.default\">\n\t\t\t\t<div class=\"elementor-widget-container\">\n\t\t\t\t\t\t\t\t\t\t\t\t\t<img decoding=\"async\" width=\"1024\" height=\"704\" src=\"https:\/\/www.darmorocco.com\/fr\/wp-content\/uploads\/2021\/12\/Dar-Morocco-102-5-1024x704.jpg\" class=\"attachment-large size-large wp-image-3266\" alt=\"\" srcset=\"https:\/\/www.darmorocco.com\/fr\/wp-content\/uploads\/2021\/12\/Dar-Morocco-102-5-1024x704.jpg 1024w, https:\/\/www.darmorocco.com\/fr\/wp-content\/uploads\/2021\/12\/Dar-Morocco-102-5-300x206.jpg 300w, https:\/\/www.darmorocco.com\/fr\/wp-content\/uploads\/2021\/12\/Dar-Morocco-102-5-768x528.jpg 768w, https:\/\/www.darmorocco.com\/fr\/wp-content\/uploads\/2021\/12\/Dar-Morocco-102-5-440x303.jpg 440w, https:\/\/www.darmorocco.com\/fr\/wp-content\/uploads\/2021\/12\/Dar-Morocco-102-5-600x413.jpg 600w, https:\/\/www.darmorocco.com\/fr\/wp-content\/uploads\/2021\/12\/Dar-Morocco-102-5.jpg 1440w\" sizes=\"(max-width: 1024px) 100vw, 1024px\" \/>\t\t\t\t\t\t\t\t\t\t\t\t\t<\/div>\n\t\t\t\t<\/div>\n\t\t\t\t<div class=\"elementor-element elementor-element-f77b64d elementor-widget elementor-widget-heading\" data-id=\"f77b64d\" data-element_type=\"widget\" data-settings=\"{&quot;hoteller_ext_is_scrollme&quot;:&quot;false&quot;,&quot;hoteller_ext_is_smoove&quot;:&quot;false&quot;,&quot;hoteller_ext_is_parallax_mouse&quot;:&quot;false&quot;,&quot;hoteller_ext_is_infinite&quot;:&quot;false&quot;,&quot;hoteller_ext_is_fadeout_animation&quot;:&quot;false&quot;}\" data-widget_type=\"heading.default\">\n\t\t\t\t<div class=\"elementor-widget-container\">\n\t\t\t<h2 class=\"elementor-heading-title elementor-size-medium\">La chambre brune.<\/h2>\t\t<\/div>\n\t\t\t\t<\/div>\n\t\t\t\t<div class=\"elementor-element elementor-element-a91f286 elementor-widget elementor-widget-text-editor\" data-id=\"a91f286\" data-element_type=\"widget\" data-settings=\"{&quot;hoteller_ext_is_scrollme&quot;:&quot;false&quot;,&quot;hoteller_ext_is_smoove&quot;:&quot;false&quot;,&quot;hoteller_ext_is_parallax_mouse&quot;:&quot;false&quot;,&quot;hoteller_ext_is_infinite&quot;:&quot;false&quot;,&quot;hoteller_ext_is_fadeout_animation&quot;:&quot;false&quot;}\" data-widget_type=\"text-editor.default\">\n\t\t\t\t<div class=\"elementor-widget-container\">\n\t\t\t\t\t\t\t<p style=\"text-align: center;\">Double avec lit King Size et deux tables de chevet. Le sol est en mosa\u00efques traditionnelles. La chambre dispose d&rsquo;une armoire, d&rsquo;une table<\/p>\t\t\t\t\t\t<\/div>\n\t\t\t\t<\/div>\n\t\t\t\t<div class=\"elementor-element elementor-element-5b629f0 elementor-align-center elementor-widget elementor-widget-button\" data-id=\"5b629f0\" data-element_type=\"widget\" data-settings=\"{&quot;hoteller_ext_is_scrollme&quot;:&quot;false&quot;,&quot;hoteller_ext_is_smoove&quot;:&quot;false&quot;,&quot;hoteller_ext_is_parallax_mouse&quot;:&quot;false&quot;,&quot;hoteller_ext_is_infinite&quot;:&quot;false&quot;,&quot;hoteller_ext_is_fadeout_animation&quot;:&quot;false&quot;}\" data-widget_type=\"button.default\">\n\t\t\t\t<div class=\"elementor-widget-container\">\n\t\t\t\t\t<div class=\"elementor-button-wrapper\">\n\t\t\t<a class=\"elementor-button elementor-button-link elementor-size-sm elementor-animation-shrink\" href=\"https:\/\/www.darmorocco.com\/fr\/accommodation\/la-chambre-brune\/\">\n\t\t\t\t\t\t<span class=\"elementor-button-content-wrapper\">\n\t\t\t\t\t\t<span class=\"elementor-button-text\">Plus d'info<\/span>\n\t\t<\/span>\n\t\t\t\t\t<\/a>\n\t\t<\/div>\n\t\t\t\t<\/div>\n\t\t\t\t<\/div>\n\t\t\t\t\t<\/div>\n\t\t<\/div>\n\t\t\t\t<div class=\"elementor-column elementor-col-33 elementor-top-column elementor-element elementor-element-eb9a74e\" data-id=\"eb9a74e\" data-element_type=\"column\" data-settings=\"{&quot;hoteller_ext_is_scrollme&quot;:&quot;false&quot;,&quot;hoteller_ext_is_smoove&quot;:&quot;false&quot;,&quot;hoteller_ext_is_parallax_mouse&quot;:&quot;false&quot;,&quot;hoteller_ext_is_infinite&quot;:&quot;false&quot;,&quot;hoteller_ext_is_fadeout_animation&quot;:&quot;false&quot;}\">\n\t\t\t<div class=\"elementor-widget-wrap elementor-element-populated\">\n\t\t\t\t\t\t<div class=\"elementor-element elementor-element-45bec1a elementor-widget elementor-widget-image\" data-id=\"45bec1a\" data-element_type=\"widget\" data-settings=\"{&quot;hoteller_image_is_animation&quot;:&quot;false&quot;,&quot;hoteller_ext_is_scrollme&quot;:&quot;false&quot;,&quot;hoteller_ext_is_smoove&quot;:&quot;false&quot;,&quot;hoteller_ext_is_parallax_mouse&quot;:&quot;false&quot;,&quot;hoteller_ext_is_infinite&quot;:&quot;false&quot;,&quot;hoteller_ext_is_fadeout_animation&quot;:&quot;false&quot;}\" data-widget_type=\"image.default\">\n\t\t\t\t<div class=\"elementor-widget-container\">\n\t\t\t\t\t\t\t\t\t\t\t\t\t<img decoding=\"async\" width=\"1024\" height=\"704\" src=\"https:\/\/www.darmorocco.com\/fr\/wp-content\/uploads\/2021\/12\/Dar-Morocco-103-5-1024x704.jpg\" class=\"attachment-large size-large wp-image-3283\" alt=\"\" srcset=\"https:\/\/www.darmorocco.com\/fr\/wp-content\/uploads\/2021\/12\/Dar-Morocco-103-5-1024x704.jpg 1024w, https:\/\/www.darmorocco.com\/fr\/wp-content\/uploads\/2021\/12\/Dar-Morocco-103-5-300x206.jpg 300w, https:\/\/www.darmorocco.com\/fr\/wp-content\/uploads\/2021\/12\/Dar-Morocco-103-5-768x528.jpg 768w, https:\/\/www.darmorocco.com\/fr\/wp-content\/uploads\/2021\/12\/Dar-Morocco-103-5-440x303.jpg 440w, https:\/\/www.darmorocco.com\/fr\/wp-content\/uploads\/2021\/12\/Dar-Morocco-103-5-600x413.jpg 600w, https:\/\/www.darmorocco.com\/fr\/wp-content\/uploads\/2021\/12\/Dar-Morocco-103-5.jpg 1440w\" sizes=\"(max-width: 1024px) 100vw, 1024px\" \/>\t\t\t\t\t\t\t\t\t\t\t\t\t<\/div>\n\t\t\t\t<\/div>\n\t\t\t\t<div class=\"elementor-element elementor-element-c7effc8 elementor-widget elementor-widget-heading\" data-id=\"c7effc8\" data-element_type=\"widget\" data-settings=\"{&quot;hoteller_ext_is_scrollme&quot;:&quot;false&quot;,&quot;hoteller_ext_is_smoove&quot;:&quot;false&quot;,&quot;hoteller_ext_is_parallax_mouse&quot;:&quot;false&quot;,&quot;hoteller_ext_is_infinite&quot;:&quot;false&quot;,&quot;hoteller_ext_is_fadeout_animation&quot;:&quot;false&quot;}\" data-widget_type=\"heading.default\">\n\t\t\t\t<div class=\"elementor-widget-container\">\n\t\t\t<h2 class=\"elementor-heading-title elementor-size-medium\">La chambre couleur corail<\/h2>\t\t<\/div>\n\t\t\t\t<\/div>\n\t\t\t\t<div class=\"elementor-element elementor-element-7cd7226 elementor-widget elementor-widget-text-editor\" data-id=\"7cd7226\" data-element_type=\"widget\" data-settings=\"{&quot;hoteller_ext_is_scrollme&quot;:&quot;false&quot;,&quot;hoteller_ext_is_smoove&quot;:&quot;false&quot;,&quot;hoteller_ext_is_parallax_mouse&quot;:&quot;false&quot;,&quot;hoteller_ext_is_infinite&quot;:&quot;false&quot;,&quot;hoteller_ext_is_fadeout_animation&quot;:&quot;false&quot;}\" data-widget_type=\"text-editor.default\">\n\t\t\t\t<div class=\"elementor-widget-container\">\n\t\t\t\t\t\t\t<p style=\"text-align: center;\">Double avec lit King-size et deux tables de chevet. Le sol est en mosa\u00efques traditionnelles. La chambre dispose d&rsquo;une armoire, d&rsquo;une table<\/p>\t\t\t\t\t\t<\/div>\n\t\t\t\t<\/div>\n\t\t\t\t<div class=\"elementor-element elementor-element-c8097cd elementor-align-center elementor-widget elementor-widget-button\" data-id=\"c8097cd\" data-element_type=\"widget\" data-settings=\"{&quot;hoteller_ext_is_scrollme&quot;:&quot;false&quot;,&quot;hoteller_ext_is_smoove&quot;:&quot;false&quot;,&quot;hoteller_ext_is_parallax_mouse&quot;:&quot;false&quot;,&quot;hoteller_ext_is_infinite&quot;:&quot;false&quot;,&quot;hoteller_ext_is_fadeout_animation&quot;:&quot;false&quot;}\" data-widget_type=\"button.default\">\n\t\t\t\t<div class=\"elementor-widget-container\">\n\t\t\t\t\t<div class=\"elementor-button-wrapper\">\n\t\t\t<a class=\"elementor-button elementor-button-link elementor-size-sm elementor-animation-shrink\" href=\"https:\/\/www.darmorocco.com\/fr\/accommodation\/la-chambre-couleur-corail\/\">\n\t\t\t\t\t\t<span class=\"elementor-button-content-wrapper\">\n\t\t\t\t\t\t<span class=\"elementor-button-text\">Plus d'info<\/span>\n\t\t<\/span>\n\t\t\t\t\t<\/a>\n\t\t<\/div>\n\t\t\t\t<\/div>\n\t\t\t\t<\/div>\n\t\t\t\t\t<\/div>\n\t\t<\/div>\n\t\t\t\t\t<\/div>\n\t\t<\/section>\n\t\t\t\t<section class=\"elementor-section elementor-top-section elementor-element elementor-element-36fbba1 elementor-section-boxed elementor-section-height-default elementor-section-height-default\" data-id=\"36fbba1\" data-element_type=\"section\" data-settings=\"{&quot;hoteller_ext_is_background_parallax&quot;:&quot;false&quot;,&quot;hoteller_ext_is_background_on_scroll&quot;:&quot;false&quot;}\">\n\t\t\t\t\t\t<div class=\"elementor-container elementor-column-gap-default\">\n\t\t\t\t\t<div class=\"elementor-column elementor-col-33 elementor-top-column elementor-element elementor-element-091804b\" data-id=\"091804b\" data-element_type=\"column\" data-settings=\"{&quot;hoteller_ext_is_scrollme&quot;:&quot;false&quot;,&quot;hoteller_ext_is_smoove&quot;:&quot;false&quot;,&quot;hoteller_ext_is_parallax_mouse&quot;:&quot;false&quot;,&quot;hoteller_ext_is_infinite&quot;:&quot;false&quot;,&quot;hoteller_ext_is_fadeout_animation&quot;:&quot;false&quot;}\">\n\t\t\t<div class=\"elementor-widget-wrap elementor-element-populated\">\n\t\t\t\t\t\t<div class=\"elementor-element elementor-element-4346b8f elementor-widget elementor-widget-image\" data-id=\"4346b8f\" data-element_type=\"widget\" data-settings=\"{&quot;hoteller_image_is_animation&quot;:&quot;false&quot;,&quot;hoteller_ext_is_scrollme&quot;:&quot;false&quot;,&quot;hoteller_ext_is_smoove&quot;:&quot;false&quot;,&quot;hoteller_ext_is_parallax_mouse&quot;:&quot;false&quot;,&quot;hoteller_ext_is_infinite&quot;:&quot;false&quot;,&quot;hoteller_ext_is_fadeout_animation&quot;:&quot;false&quot;}\" data-widget_type=\"image.default\">\n\t\t\t\t<div class=\"elementor-widget-container\">\n\t\t\t\t\t\t\t\t\t\t\t\t\t<img loading=\"lazy\" decoding=\"async\" width=\"1024\" height=\"704\" src=\"https:\/\/www.darmorocco.com\/fr\/wp-content\/uploads\/2021\/12\/dar-Morocco-112-3-1024x704.jpg\" class=\"attachment-large size-large wp-image-3347\" alt=\"\" srcset=\"https:\/\/www.darmorocco.com\/fr\/wp-content\/uploads\/2021\/12\/dar-Morocco-112-3-1024x704.jpg 1024w, https:\/\/www.darmorocco.com\/fr\/wp-content\/uploads\/2021\/12\/dar-Morocco-112-3-300x206.jpg 300w, https:\/\/www.darmorocco.com\/fr\/wp-content\/uploads\/2021\/12\/dar-Morocco-112-3-768x528.jpg 768w, https:\/\/www.darmorocco.com\/fr\/wp-content\/uploads\/2021\/12\/dar-Morocco-112-3-440x303.jpg 440w, https:\/\/www.darmorocco.com\/fr\/wp-content\/uploads\/2021\/12\/dar-Morocco-112-3-600x413.jpg 600w, https:\/\/www.darmorocco.com\/fr\/wp-content\/uploads\/2021\/12\/dar-Morocco-112-3.jpg 1440w\" sizes=\"(max-width: 1024px) 100vw, 1024px\" \/>\t\t\t\t\t\t\t\t\t\t\t\t\t<\/div>\n\t\t\t\t<\/div>\n\t\t\t\t<div class=\"elementor-element elementor-element-8b370d8 elementor-widget elementor-widget-heading\" data-id=\"8b370d8\" data-element_type=\"widget\" data-settings=\"{&quot;hoteller_ext_is_scrollme&quot;:&quot;false&quot;,&quot;hoteller_ext_is_smoove&quot;:&quot;false&quot;,&quot;hoteller_ext_is_parallax_mouse&quot;:&quot;false&quot;,&quot;hoteller_ext_is_infinite&quot;:&quot;false&quot;,&quot;hoteller_ext_is_fadeout_animation&quot;:&quot;false&quot;}\" data-widget_type=\"heading.default\">\n\t\t\t\t<div class=\"elementor-widget-container\">\n\t\t\t<h2 class=\"elementor-heading-title elementor-size-medium\">La chambre turquoise<\/h2>\t\t<\/div>\n\t\t\t\t<\/div>\n\t\t\t\t<div class=\"elementor-element elementor-element-3ae8a5e elementor-widget elementor-widget-text-editor\" data-id=\"3ae8a5e\" data-element_type=\"widget\" data-settings=\"{&quot;hoteller_ext_is_scrollme&quot;:&quot;false&quot;,&quot;hoteller_ext_is_smoove&quot;:&quot;false&quot;,&quot;hoteller_ext_is_parallax_mouse&quot;:&quot;false&quot;,&quot;hoteller_ext_is_infinite&quot;:&quot;false&quot;,&quot;hoteller_ext_is_fadeout_animation&quot;:&quot;false&quot;}\" data-widget_type=\"text-editor.default\">\n\t\t\t\t<div class=\"elementor-widget-container\">\n\t\t\t\t\t\t\t<p style=\"text-align: center;\">Double avec de grands lits simples et deux tables de chevet. Le sol est en mosa\u00efques traditionnelles. La chambre dispose armoire.<\/p>\t\t\t\t\t\t<\/div>\n\t\t\t\t<\/div>\n\t\t\t\t<div class=\"elementor-element elementor-element-464965e elementor-align-center elementor-widget elementor-widget-button\" data-id=\"464965e\" data-element_type=\"widget\" data-settings=\"{&quot;hoteller_ext_is_scrollme&quot;:&quot;false&quot;,&quot;hoteller_ext_is_smoove&quot;:&quot;false&quot;,&quot;hoteller_ext_is_parallax_mouse&quot;:&quot;false&quot;,&quot;hoteller_ext_is_infinite&quot;:&quot;false&quot;,&quot;hoteller_ext_is_fadeout_animation&quot;:&quot;false&quot;}\" data-widget_type=\"button.default\">\n\t\t\t\t<div class=\"elementor-widget-container\">\n\t\t\t\t\t<div class=\"elementor-button-wrapper\">\n\t\t\t<a class=\"elementor-button elementor-button-link elementor-size-sm elementor-animation-shrink\" href=\"https:\/\/www.darmorocco.com\/fr\/accommodation\/la-chambre-turquoise\/\">\n\t\t\t\t\t\t<span class=\"elementor-button-content-wrapper\">\n\t\t\t\t\t\t<span class=\"elementor-button-text\">Plus d'info<\/span>\n\t\t<\/span>\n\t\t\t\t\t<\/a>\n\t\t<\/div>\n\t\t\t\t<\/div>\n\t\t\t\t<\/div>\n\t\t\t\t\t<\/div>\n\t\t<\/div>\n\t\t\t\t<div class=\"elementor-column elementor-col-33 elementor-top-column elementor-element elementor-element-9f3da1c\" data-id=\"9f3da1c\" data-element_type=\"column\" data-settings=\"{&quot;hoteller_ext_is_scrollme&quot;:&quot;false&quot;,&quot;hoteller_ext_is_smoove&quot;:&quot;false&quot;,&quot;hoteller_ext_is_parallax_mouse&quot;:&quot;false&quot;,&quot;hoteller_ext_is_infinite&quot;:&quot;false&quot;,&quot;hoteller_ext_is_fadeout_animation&quot;:&quot;false&quot;}\">\n\t\t\t<div class=\"elementor-widget-wrap elementor-element-populated\">\n\t\t\t\t\t\t<div class=\"elementor-element elementor-element-5cf6fb0 elementor-widget elementor-widget-image\" data-id=\"5cf6fb0\" data-element_type=\"widget\" data-settings=\"{&quot;hoteller_image_is_animation&quot;:&quot;false&quot;,&quot;hoteller_ext_is_scrollme&quot;:&quot;false&quot;,&quot;hoteller_ext_is_smoove&quot;:&quot;false&quot;,&quot;hoteller_ext_is_parallax_mouse&quot;:&quot;false&quot;,&quot;hoteller_ext_is_infinite&quot;:&quot;false&quot;,&quot;hoteller_ext_is_fadeout_animation&quot;:&quot;false&quot;}\" data-widget_type=\"image.default\">\n\t\t\t\t<div class=\"elementor-widget-container\">\n\t\t\t\t\t\t\t\t\t\t\t\t\t<img loading=\"lazy\" decoding=\"async\" width=\"1024\" height=\"704\" src=\"https:\/\/www.darmorocco.com\/fr\/wp-content\/uploads\/2021\/12\/dar-Morocco-105-1-1024x704.jpg\" class=\"attachment-large size-large wp-image-3300\" alt=\"\" srcset=\"https:\/\/www.darmorocco.com\/fr\/wp-content\/uploads\/2021\/12\/dar-Morocco-105-1-1024x704.jpg 1024w, https:\/\/www.darmorocco.com\/fr\/wp-content\/uploads\/2021\/12\/dar-Morocco-105-1-300x206.jpg 300w, https:\/\/www.darmorocco.com\/fr\/wp-content\/uploads\/2021\/12\/dar-Morocco-105-1-768x528.jpg 768w, https:\/\/www.darmorocco.com\/fr\/wp-content\/uploads\/2021\/12\/dar-Morocco-105-1-440x303.jpg 440w, https:\/\/www.darmorocco.com\/fr\/wp-content\/uploads\/2021\/12\/dar-Morocco-105-1-600x413.jpg 600w, https:\/\/www.darmorocco.com\/fr\/wp-content\/uploads\/2021\/12\/dar-Morocco-105-1.jpg 1440w\" sizes=\"(max-width: 1024px) 100vw, 1024px\" \/>\t\t\t\t\t\t\t\t\t\t\t\t\t<\/div>\n\t\t\t\t<\/div>\n\t\t\t\t<div class=\"elementor-element elementor-element-26d267c elementor-widget elementor-widget-heading\" data-id=\"26d267c\" data-element_type=\"widget\" data-settings=\"{&quot;hoteller_ext_is_scrollme&quot;:&quot;false&quot;,&quot;hoteller_ext_is_smoove&quot;:&quot;false&quot;,&quot;hoteller_ext_is_parallax_mouse&quot;:&quot;false&quot;,&quot;hoteller_ext_is_infinite&quot;:&quot;false&quot;,&quot;hoteller_ext_is_fadeout_animation&quot;:&quot;false&quot;}\" data-widget_type=\"heading.default\">\n\t\t\t\t<div class=\"elementor-widget-container\">\n\t\t\t<h2 class=\"elementor-heading-title elementor-size-medium\">La chambre couleur menthe<\/h2>\t\t<\/div>\n\t\t\t\t<\/div>\n\t\t\t\t<div class=\"elementor-element elementor-element-14b194d elementor-widget elementor-widget-text-editor\" data-id=\"14b194d\" data-element_type=\"widget\" data-settings=\"{&quot;hoteller_ext_is_scrollme&quot;:&quot;false&quot;,&quot;hoteller_ext_is_smoove&quot;:&quot;false&quot;,&quot;hoteller_ext_is_parallax_mouse&quot;:&quot;false&quot;,&quot;hoteller_ext_is_infinite&quot;:&quot;false&quot;,&quot;hoteller_ext_is_fadeout_animation&quot;:&quot;false&quot;}\" data-widget_type=\"text-editor.default\">\n\t\t\t\t<div class=\"elementor-widget-container\">\n\t\t\t\t\t\t\t<p style=\"text-align: center;\">Double avec de grands lits simples et deux tables de chevet. Le sol est en mosa\u00efques traditionnelles. La chambre dispose\u00a0 armoire<\/p>\t\t\t\t\t\t<\/div>\n\t\t\t\t<\/div>\n\t\t\t\t<div class=\"elementor-element elementor-element-efce39b elementor-align-center elementor-widget elementor-widget-button\" data-id=\"efce39b\" data-element_type=\"widget\" data-settings=\"{&quot;hoteller_ext_is_scrollme&quot;:&quot;false&quot;,&quot;hoteller_ext_is_smoove&quot;:&quot;false&quot;,&quot;hoteller_ext_is_parallax_mouse&quot;:&quot;false&quot;,&quot;hoteller_ext_is_infinite&quot;:&quot;false&quot;,&quot;hoteller_ext_is_fadeout_animation&quot;:&quot;false&quot;}\" data-widget_type=\"button.default\">\n\t\t\t\t<div class=\"elementor-widget-container\">\n\t\t\t\t\t<div class=\"elementor-button-wrapper\">\n\t\t\t<a class=\"elementor-button elementor-button-link elementor-size-sm elementor-animation-shrink\" href=\"https:\/\/www.darmorocco.com\/fr\/accommodation\/la-chambre-couleur-menthe\/\">\n\t\t\t\t\t\t<span class=\"elementor-button-content-wrapper\">\n\t\t\t\t\t\t<span class=\"elementor-button-text\">Plus d'info<\/span>\n\t\t<\/span>\n\t\t\t\t\t<\/a>\n\t\t<\/div>\n\t\t\t\t<\/div>\n\t\t\t\t<\/div>\n\t\t\t\t\t<\/div>\n\t\t<\/div>\n\t\t\t\t<div class=\"elementor-column elementor-col-33 elementor-top-column elementor-element elementor-element-130809d\" data-id=\"130809d\" data-element_type=\"column\" data-settings=\"{&quot;hoteller_ext_is_scrollme&quot;:&quot;false&quot;,&quot;hoteller_ext_is_smoove&quot;:&quot;false&quot;,&quot;hoteller_ext_is_parallax_mouse&quot;:&quot;false&quot;,&quot;hoteller_ext_is_infinite&quot;:&quot;false&quot;,&quot;hoteller_ext_is_fadeout_animation&quot;:&quot;false&quot;}\">\n\t\t\t<div class=\"elementor-widget-wrap elementor-element-populated\">\n\t\t\t\t\t\t<div class=\"elementor-element elementor-element-b8cdc68 elementor-widget elementor-widget-image\" data-id=\"b8cdc68\" data-element_type=\"widget\" data-settings=\"{&quot;hoteller_image_is_animation&quot;:&quot;false&quot;,&quot;hoteller_ext_is_scrollme&quot;:&quot;false&quot;,&quot;hoteller_ext_is_smoove&quot;:&quot;false&quot;,&quot;hoteller_ext_is_parallax_mouse&quot;:&quot;false&quot;,&quot;hoteller_ext_is_infinite&quot;:&quot;false&quot;,&quot;hoteller_ext_is_fadeout_animation&quot;:&quot;false&quot;}\" data-widget_type=\"image.default\">\n\t\t\t\t<div class=\"elementor-widget-container\">\n\t\t\t\t\t\t\t\t\t\t\t\t\t<img loading=\"lazy\" decoding=\"async\" width=\"1024\" height=\"704\" src=\"https:\/\/www.darmorocco.com\/fr\/wp-content\/uploads\/2021\/12\/dar-Morocco-106-2-1024x704.jpg\" class=\"attachment-large size-large wp-image-3308\" alt=\"\" srcset=\"https:\/\/www.darmorocco.com\/fr\/wp-content\/uploads\/2021\/12\/dar-Morocco-106-2-1024x704.jpg 1024w, https:\/\/www.darmorocco.com\/fr\/wp-content\/uploads\/2021\/12\/dar-Morocco-106-2-300x206.jpg 300w, https:\/\/www.darmorocco.com\/fr\/wp-content\/uploads\/2021\/12\/dar-Morocco-106-2-768x528.jpg 768w, https:\/\/www.darmorocco.com\/fr\/wp-content\/uploads\/2021\/12\/dar-Morocco-106-2-440x303.jpg 440w, https:\/\/www.darmorocco.com\/fr\/wp-content\/uploads\/2021\/12\/dar-Morocco-106-2-600x413.jpg 600w, https:\/\/www.darmorocco.com\/fr\/wp-content\/uploads\/2021\/12\/dar-Morocco-106-2.jpg 1440w\" sizes=\"(max-width: 1024px) 100vw, 1024px\" \/>\t\t\t\t\t\t\t\t\t\t\t\t\t<\/div>\n\t\t\t\t<\/div>\n\t\t\t\t<div class=\"elementor-element elementor-element-d2f556f elementor-widget elementor-widget-heading\" data-id=\"d2f556f\" data-element_type=\"widget\" data-settings=\"{&quot;hoteller_ext_is_scrollme&quot;:&quot;false&quot;,&quot;hoteller_ext_is_smoove&quot;:&quot;false&quot;,&quot;hoteller_ext_is_parallax_mouse&quot;:&quot;false&quot;,&quot;hoteller_ext_is_infinite&quot;:&quot;false&quot;,&quot;hoteller_ext_is_fadeout_animation&quot;:&quot;false&quot;}\" data-widget_type=\"heading.default\">\n\t\t\t\t<div class=\"elementor-widget-container\">\n\t\t\t<h2 class=\"elementor-heading-title elementor-size-medium\">La chambre jaune<\/h2>\t\t<\/div>\n\t\t\t\t<\/div>\n\t\t\t\t<div class=\"elementor-element elementor-element-8e6c1fc elementor-widget elementor-widget-text-editor\" data-id=\"8e6c1fc\" data-element_type=\"widget\" data-settings=\"{&quot;hoteller_ext_is_scrollme&quot;:&quot;false&quot;,&quot;hoteller_ext_is_smoove&quot;:&quot;false&quot;,&quot;hoteller_ext_is_parallax_mouse&quot;:&quot;false&quot;,&quot;hoteller_ext_is_infinite&quot;:&quot;false&quot;,&quot;hoteller_ext_is_fadeout_animation&quot;:&quot;false&quot;}\" data-widget_type=\"text-editor.default\">\n\t\t\t\t<div class=\"elementor-widget-container\">\n\t\t\t\t\t\t\t<p style=\"text-align: center;\">Double avec lit King-size et deux tables de chevet. Le sol est en mosa\u00efques traditionnelles. La chambre dispose d&rsquo;une armoire, d&rsquo;une table,<\/p>\t\t\t\t\t\t<\/div>\n\t\t\t\t<\/div>\n\t\t\t\t<div class=\"elementor-element elementor-element-c8c0472 elementor-align-center elementor-widget elementor-widget-button\" data-id=\"c8c0472\" data-element_type=\"widget\" data-settings=\"{&quot;hoteller_ext_is_scrollme&quot;:&quot;false&quot;,&quot;hoteller_ext_is_smoove&quot;:&quot;false&quot;,&quot;hoteller_ext_is_parallax_mouse&quot;:&quot;false&quot;,&quot;hoteller_ext_is_infinite&quot;:&quot;false&quot;,&quot;hoteller_ext_is_fadeout_animation&quot;:&quot;false&quot;}\" data-widget_type=\"button.default\">\n\t\t\t\t<div class=\"elementor-widget-container\">\n\t\t\t\t\t<div class=\"elementor-button-wrapper\">\n\t\t\t<a class=\"elementor-button elementor-button-link elementor-size-sm elementor-animation-shrink\" href=\"https:\/\/www.darmorocco.com\/fr\/accommodation\/la-chambre-jaune\/\">\n\t\t\t\t\t\t<span class=\"elementor-button-content-wrapper\">\n\t\t\t\t\t\t<span class=\"elementor-button-text\">Plus d'info<\/span>\n\t\t<\/span>\n\t\t\t\t\t<\/a>\n\t\t<\/div>\n\t\t\t\t<\/div>\n\t\t\t\t<\/div>\n\t\t\t\t\t<\/div>\n\t\t<\/div>\n\t\t\t\t\t<\/div>\n\t\t<\/section>\n\t\t\t\t<section class=\"elementor-section elementor-top-section elementor-element elementor-element-f6a39f2 elementor-section-boxed elementor-section-height-default elementor-section-height-default\" data-id=\"f6a39f2\" data-element_type=\"section\" data-settings=\"{&quot;hoteller_ext_is_background_parallax&quot;:&quot;false&quot;,&quot;hoteller_ext_is_background_on_scroll&quot;:&quot;false&quot;}\">\n\t\t\t\t\t\t<div class=\"elementor-container elementor-column-gap-default\">\n\t\t\t\t\t<div class=\"elementor-column elementor-col-33 elementor-top-column elementor-element elementor-element-2d93126\" data-id=\"2d93126\" data-element_type=\"column\" data-settings=\"{&quot;hoteller_ext_is_scrollme&quot;:&quot;false&quot;,&quot;hoteller_ext_is_smoove&quot;:&quot;false&quot;,&quot;hoteller_ext_is_parallax_mouse&quot;:&quot;false&quot;,&quot;hoteller_ext_is_infinite&quot;:&quot;false&quot;,&quot;hoteller_ext_is_fadeout_animation&quot;:&quot;false&quot;}\">\n\t\t\t<div class=\"elementor-widget-wrap elementor-element-populated\">\n\t\t\t\t\t\t<div class=\"elementor-element elementor-element-f734485 elementor-widget elementor-widget-image\" data-id=\"f734485\" data-element_type=\"widget\" data-settings=\"{&quot;hoteller_image_is_animation&quot;:&quot;false&quot;,&quot;hoteller_ext_is_scrollme&quot;:&quot;false&quot;,&quot;hoteller_ext_is_smoove&quot;:&quot;false&quot;,&quot;hoteller_ext_is_parallax_mouse&quot;:&quot;false&quot;,&quot;hoteller_ext_is_infinite&quot;:&quot;false&quot;,&quot;hoteller_ext_is_fadeout_animation&quot;:&quot;false&quot;}\" data-widget_type=\"image.default\">\n\t\t\t\t<div class=\"elementor-widget-container\">\n\t\t\t\t\t\t\t\t\t\t\t\t\t<img loading=\"lazy\" decoding=\"async\" width=\"1024\" height=\"704\" src=\"https:\/\/www.darmorocco.com\/fr\/wp-content\/uploads\/2021\/12\/Dar-Morocco-107-4-1024x704.jpg\" class=\"attachment-large size-large wp-image-3316\" alt=\"\" srcset=\"https:\/\/www.darmorocco.com\/fr\/wp-content\/uploads\/2021\/12\/Dar-Morocco-107-4-1024x704.jpg 1024w, https:\/\/www.darmorocco.com\/fr\/wp-content\/uploads\/2021\/12\/Dar-Morocco-107-4-300x206.jpg 300w, https:\/\/www.darmorocco.com\/fr\/wp-content\/uploads\/2021\/12\/Dar-Morocco-107-4-768x528.jpg 768w, https:\/\/www.darmorocco.com\/fr\/wp-content\/uploads\/2021\/12\/Dar-Morocco-107-4-440x303.jpg 440w, https:\/\/www.darmorocco.com\/fr\/wp-content\/uploads\/2021\/12\/Dar-Morocco-107-4-600x413.jpg 600w, https:\/\/www.darmorocco.com\/fr\/wp-content\/uploads\/2021\/12\/Dar-Morocco-107-4.jpg 1440w\" sizes=\"(max-width: 1024px) 100vw, 1024px\" \/>\t\t\t\t\t\t\t\t\t\t\t\t\t<\/div>\n\t\t\t\t<\/div>\n\t\t\t\t<div class=\"elementor-element elementor-element-9fb82a8 elementor-widget elementor-widget-heading\" data-id=\"9fb82a8\" data-element_type=\"widget\" data-settings=\"{&quot;hoteller_ext_is_scrollme&quot;:&quot;false&quot;,&quot;hoteller_ext_is_smoove&quot;:&quot;false&quot;,&quot;hoteller_ext_is_parallax_mouse&quot;:&quot;false&quot;,&quot;hoteller_ext_is_infinite&quot;:&quot;false&quot;,&quot;hoteller_ext_is_fadeout_animation&quot;:&quot;false&quot;}\" data-widget_type=\"heading.default\">\n\t\t\t\t<div class=\"elementor-widget-container\">\n\t\t\t<h2 class=\"elementor-heading-title elementor-size-medium\">La chambre grise<\/h2>\t\t<\/div>\n\t\t\t\t<\/div>\n\t\t\t\t<div class=\"elementor-element elementor-element-4d7c8a4 elementor-widget elementor-widget-text-editor\" data-id=\"4d7c8a4\" data-element_type=\"widget\" data-settings=\"{&quot;hoteller_ext_is_scrollme&quot;:&quot;false&quot;,&quot;hoteller_ext_is_smoove&quot;:&quot;false&quot;,&quot;hoteller_ext_is_parallax_mouse&quot;:&quot;false&quot;,&quot;hoteller_ext_is_infinite&quot;:&quot;false&quot;,&quot;hoteller_ext_is_fadeout_animation&quot;:&quot;false&quot;}\" data-widget_type=\"text-editor.default\">\n\t\t\t\t<div class=\"elementor-widget-container\">\n\t\t\t\t\t\t\t<p style=\"text-align: center;\">Double avec lit King-size et deux tables de chevet. Le sol est en mosa\u00efques traditionnelles. La chambre dispose d&rsquo;une armoire, d&rsquo;une table<\/p>\t\t\t\t\t\t<\/div>\n\t\t\t\t<\/div>\n\t\t\t\t<div class=\"elementor-element elementor-element-23edb5e elementor-align-center elementor-widget elementor-widget-button\" data-id=\"23edb5e\" data-element_type=\"widget\" data-settings=\"{&quot;hoteller_ext_is_scrollme&quot;:&quot;false&quot;,&quot;hoteller_ext_is_smoove&quot;:&quot;false&quot;,&quot;hoteller_ext_is_parallax_mouse&quot;:&quot;false&quot;,&quot;hoteller_ext_is_infinite&quot;:&quot;false&quot;,&quot;hoteller_ext_is_fadeout_animation&quot;:&quot;false&quot;}\" data-widget_type=\"button.default\">\n\t\t\t\t<div class=\"elementor-widget-container\">\n\t\t\t\t\t<div class=\"elementor-button-wrapper\">\n\t\t\t<a class=\"elementor-button elementor-button-link elementor-size-sm elementor-animation-shrink\" href=\"https:\/\/www.darmorocco.com\/fr\/accommodation\/la-chambre-grise\/\">\n\t\t\t\t\t\t<span class=\"elementor-button-content-wrapper\">\n\t\t\t\t\t\t<span class=\"elementor-button-text\">Plus d'info<\/span>\n\t\t<\/span>\n\t\t\t\t\t<\/a>\n\t\t<\/div>\n\t\t\t\t<\/div>\n\t\t\t\t<\/div>\n\t\t\t\t\t<\/div>\n\t\t<\/div>\n\t\t\t\t<div class=\"elementor-column elementor-col-33 elementor-top-column elementor-element elementor-element-288ba48\" data-id=\"288ba48\" data-element_type=\"column\" data-settings=\"{&quot;hoteller_ext_is_scrollme&quot;:&quot;false&quot;,&quot;hoteller_ext_is_smoove&quot;:&quot;false&quot;,&quot;hoteller_ext_is_parallax_mouse&quot;:&quot;false&quot;,&quot;hoteller_ext_is_infinite&quot;:&quot;false&quot;,&quot;hoteller_ext_is_fadeout_animation&quot;:&quot;false&quot;}\">\n\t\t\t<div class=\"elementor-widget-wrap elementor-element-populated\">\n\t\t\t\t\t\t<div class=\"elementor-element elementor-element-b4a4d6a elementor-widget elementor-widget-image\" data-id=\"b4a4d6a\" data-element_type=\"widget\" data-settings=\"{&quot;hoteller_image_is_animation&quot;:&quot;false&quot;,&quot;hoteller_ext_is_scrollme&quot;:&quot;false&quot;,&quot;hoteller_ext_is_smoove&quot;:&quot;false&quot;,&quot;hoteller_ext_is_parallax_mouse&quot;:&quot;false&quot;,&quot;hoteller_ext_is_infinite&quot;:&quot;false&quot;,&quot;hoteller_ext_is_fadeout_animation&quot;:&quot;false&quot;}\" data-widget_type=\"image.default\">\n\t\t\t\t<div class=\"elementor-widget-container\">\n\t\t\t\t\t\t\t\t\t\t\t\t\t<img loading=\"lazy\" decoding=\"async\" width=\"1024\" height=\"704\" src=\"https:\/\/www.darmorocco.com\/fr\/wp-content\/uploads\/2021\/12\/dar-Morocco-108-1-1024x704.jpg\" class=\"attachment-large size-large wp-image-3318\" alt=\"\" srcset=\"https:\/\/www.darmorocco.com\/fr\/wp-content\/uploads\/2021\/12\/dar-Morocco-108-1-1024x704.jpg 1024w, https:\/\/www.darmorocco.com\/fr\/wp-content\/uploads\/2021\/12\/dar-Morocco-108-1-300x206.jpg 300w, https:\/\/www.darmorocco.com\/fr\/wp-content\/uploads\/2021\/12\/dar-Morocco-108-1-768x528.jpg 768w, https:\/\/www.darmorocco.com\/fr\/wp-content\/uploads\/2021\/12\/dar-Morocco-108-1-440x303.jpg 440w, https:\/\/www.darmorocco.com\/fr\/wp-content\/uploads\/2021\/12\/dar-Morocco-108-1-600x413.jpg 600w, https:\/\/www.darmorocco.com\/fr\/wp-content\/uploads\/2021\/12\/dar-Morocco-108-1.jpg 1440w\" sizes=\"(max-width: 1024px) 100vw, 1024px\" \/>\t\t\t\t\t\t\t\t\t\t\t\t\t<\/div>\n\t\t\t\t<\/div>\n\t\t\t\t<div class=\"elementor-element elementor-element-225d66d elementor-widget elementor-widget-heading\" data-id=\"225d66d\" data-element_type=\"widget\" data-settings=\"{&quot;hoteller_ext_is_scrollme&quot;:&quot;false&quot;,&quot;hoteller_ext_is_smoove&quot;:&quot;false&quot;,&quot;hoteller_ext_is_parallax_mouse&quot;:&quot;false&quot;,&quot;hoteller_ext_is_infinite&quot;:&quot;false&quot;,&quot;hoteller_ext_is_fadeout_animation&quot;:&quot;false&quot;}\" data-widget_type=\"heading.default\">\n\t\t\t\t<div class=\"elementor-widget-container\">\n\t\t\t<h2 class=\"elementor-heading-title elementor-size-medium\">La chambre orange<\/h2>\t\t<\/div>\n\t\t\t\t<\/div>\n\t\t\t\t<div class=\"elementor-element elementor-element-410239a elementor-widget elementor-widget-text-editor\" data-id=\"410239a\" data-element_type=\"widget\" data-settings=\"{&quot;hoteller_ext_is_scrollme&quot;:&quot;false&quot;,&quot;hoteller_ext_is_smoove&quot;:&quot;false&quot;,&quot;hoteller_ext_is_parallax_mouse&quot;:&quot;false&quot;,&quot;hoteller_ext_is_infinite&quot;:&quot;false&quot;,&quot;hoteller_ext_is_fadeout_animation&quot;:&quot;false&quot;}\" data-widget_type=\"text-editor.default\">\n\t\t\t\t<div class=\"elementor-widget-container\">\n\t\t\t\t\t\t\t<p style=\"text-align: center;\">Double avec lit King-size et deux tables de chevet. Le sol est en mosa\u00efques traditionnelles. La chambre dispose d&rsquo;une armoire, d&rsquo;une table<\/p>\t\t\t\t\t\t<\/div>\n\t\t\t\t<\/div>\n\t\t\t\t<div class=\"elementor-element elementor-element-0a753ed elementor-align-center elementor-widget elementor-widget-button\" data-id=\"0a753ed\" data-element_type=\"widget\" data-settings=\"{&quot;hoteller_ext_is_scrollme&quot;:&quot;false&quot;,&quot;hoteller_ext_is_smoove&quot;:&quot;false&quot;,&quot;hoteller_ext_is_parallax_mouse&quot;:&quot;false&quot;,&quot;hoteller_ext_is_infinite&quot;:&quot;false&quot;,&quot;hoteller_ext_is_fadeout_animation&quot;:&quot;false&quot;}\" data-widget_type=\"button.default\">\n\t\t\t\t<div class=\"elementor-widget-container\">\n\t\t\t\t\t<div class=\"elementor-button-wrapper\">\n\t\t\t<a class=\"elementor-button elementor-button-link elementor-size-sm elementor-animation-shrink\" href=\"https:\/\/www.darmorocco.com\/fr\/accommodation\/la-chambre-orange\/\">\n\t\t\t\t\t\t<span class=\"elementor-button-content-wrapper\">\n\t\t\t\t\t\t<span class=\"elementor-button-text\">Plus d'info<\/span>\n\t\t<\/span>\n\t\t\t\t\t<\/a>\n\t\t<\/div>\n\t\t\t\t<\/div>\n\t\t\t\t<\/div>\n\t\t\t\t\t<\/div>\n\t\t<\/div>\n\t\t\t\t<div class=\"elementor-column elementor-col-33 elementor-top-column elementor-element elementor-element-0e0de68\" data-id=\"0e0de68\" data-element_type=\"column\" data-settings=\"{&quot;hoteller_ext_is_scrollme&quot;:&quot;false&quot;,&quot;hoteller_ext_is_smoove&quot;:&quot;false&quot;,&quot;hoteller_ext_is_parallax_mouse&quot;:&quot;false&quot;,&quot;hoteller_ext_is_infinite&quot;:&quot;false&quot;,&quot;hoteller_ext_is_fadeout_animation&quot;:&quot;false&quot;}\">\n\t\t\t<div class=\"elementor-widget-wrap elementor-element-populated\">\n\t\t\t\t\t\t<div class=\"elementor-element elementor-element-9ea8ab3 elementor-widget elementor-widget-image\" data-id=\"9ea8ab3\" data-element_type=\"widget\" data-settings=\"{&quot;hoteller_image_is_animation&quot;:&quot;false&quot;,&quot;hoteller_ext_is_scrollme&quot;:&quot;false&quot;,&quot;hoteller_ext_is_smoove&quot;:&quot;false&quot;,&quot;hoteller_ext_is_parallax_mouse&quot;:&quot;false&quot;,&quot;hoteller_ext_is_infinite&quot;:&quot;false&quot;,&quot;hoteller_ext_is_fadeout_animation&quot;:&quot;false&quot;}\" data-widget_type=\"image.default\">\n\t\t\t\t<div class=\"elementor-widget-container\">\n\t\t\t\t\t\t\t\t\t\t\t\t\t<img loading=\"lazy\" decoding=\"async\" width=\"1024\" height=\"704\" src=\"https:\/\/www.darmorocco.com\/fr\/wp-content\/uploads\/2021\/12\/Dar-Morocco-109-2-1024x704.jpg\" class=\"attachment-large size-large wp-image-3326\" alt=\"\" srcset=\"https:\/\/www.darmorocco.com\/fr\/wp-content\/uploads\/2021\/12\/Dar-Morocco-109-2-1024x704.jpg 1024w, https:\/\/www.darmorocco.com\/fr\/wp-content\/uploads\/2021\/12\/Dar-Morocco-109-2-300x206.jpg 300w, https:\/\/www.darmorocco.com\/fr\/wp-content\/uploads\/2021\/12\/Dar-Morocco-109-2-768x528.jpg 768w, https:\/\/www.darmorocco.com\/fr\/wp-content\/uploads\/2021\/12\/Dar-Morocco-109-2-440x303.jpg 440w, https:\/\/www.darmorocco.com\/fr\/wp-content\/uploads\/2021\/12\/Dar-Morocco-109-2-600x413.jpg 600w, https:\/\/www.darmorocco.com\/fr\/wp-content\/uploads\/2021\/12\/Dar-Morocco-109-2.jpg 1440w\" sizes=\"(max-width: 1024px) 100vw, 1024px\" \/>\t\t\t\t\t\t\t\t\t\t\t\t\t<\/div>\n\t\t\t\t<\/div>\n\t\t\t\t<div class=\"elementor-element elementor-element-072fd72 elementor-widget elementor-widget-heading\" data-id=\"072fd72\" data-element_type=\"widget\" data-settings=\"{&quot;hoteller_ext_is_scrollme&quot;:&quot;false&quot;,&quot;hoteller_ext_is_smoove&quot;:&quot;false&quot;,&quot;hoteller_ext_is_parallax_mouse&quot;:&quot;false&quot;,&quot;hoteller_ext_is_infinite&quot;:&quot;false&quot;,&quot;hoteller_ext_is_fadeout_animation&quot;:&quot;false&quot;}\" data-widget_type=\"heading.default\">\n\t\t\t\t<div class=\"elementor-widget-container\">\n\t\t\t<h2 class=\"elementor-heading-title elementor-size-medium\">La chambre sarcelle<\/h2>\t\t<\/div>\n\t\t\t\t<\/div>\n\t\t\t\t<div class=\"elementor-element elementor-element-401d1fb elementor-widget elementor-widget-text-editor\" data-id=\"401d1fb\" data-element_type=\"widget\" data-settings=\"{&quot;hoteller_ext_is_scrollme&quot;:&quot;false&quot;,&quot;hoteller_ext_is_smoove&quot;:&quot;false&quot;,&quot;hoteller_ext_is_parallax_mouse&quot;:&quot;false&quot;,&quot;hoteller_ext_is_infinite&quot;:&quot;false&quot;,&quot;hoteller_ext_is_fadeout_animation&quot;:&quot;false&quot;}\" data-widget_type=\"text-editor.default\">\n\t\t\t\t<div class=\"elementor-widget-container\">\n\t\t\t\t\t\t\t<p style=\"text-align: center;\">est situ\u00e9e au deuxi\u00e8me \u00e9tage avec entr\u00e9e par la terrasse. Disposer de3 lits Simple s\u00e9par\u00e9 et deux tables de chevet<\/p>\t\t\t\t\t\t<\/div>\n\t\t\t\t<\/div>\n\t\t\t\t<div class=\"elementor-element elementor-element-5b93b03 elementor-align-center elementor-widget elementor-widget-button\" data-id=\"5b93b03\" data-element_type=\"widget\" data-settings=\"{&quot;hoteller_ext_is_scrollme&quot;:&quot;false&quot;,&quot;hoteller_ext_is_smoove&quot;:&quot;false&quot;,&quot;hoteller_ext_is_parallax_mouse&quot;:&quot;false&quot;,&quot;hoteller_ext_is_infinite&quot;:&quot;false&quot;,&quot;hoteller_ext_is_fadeout_animation&quot;:&quot;false&quot;}\" data-widget_type=\"button.default\">\n\t\t\t\t<div class=\"elementor-widget-container\">\n\t\t\t\t\t<div class=\"elementor-button-wrapper\">\n\t\t\t<a class=\"elementor-button elementor-button-link elementor-size-sm elementor-animation-shrink\" href=\"https:\/\/www.darmorocco.com\/fr\/accommodation\/la-chambre-sarcelle\/\">\n\t\t\t\t\t\t<span class=\"elementor-button-content-wrapper\">\n\t\t\t\t\t\t<span class=\"elementor-button-text\">Plus d'info<\/span>\n\t\t<\/span>\n\t\t\t\t\t<\/a>\n\t\t<\/div>\n\t\t\t\t<\/div>\n\t\t\t\t<\/div>\n\t\t\t\t\t<\/div>\n\t\t<\/div>\n\t\t\t\t\t<\/div>\n\t\t<\/section>\n\t\t\t\t<section class=\"elementor-section elementor-top-section elementor-element elementor-element-6cff6ab elementor-section-boxed elementor-section-height-default elementor-section-height-default\" data-id=\"6cff6ab\" data-element_type=\"section\" data-settings=\"{&quot;hoteller_ext_is_background_parallax&quot;:&quot;false&quot;,&quot;hoteller_ext_is_background_on_scroll&quot;:&quot;false&quot;}\">\n\t\t\t\t\t\t<div class=\"elementor-container elementor-column-gap-default\">\n\t\t\t\t\t<div class=\"elementor-column elementor-col-33 elementor-top-column elementor-element elementor-element-64c0d2c\" data-id=\"64c0d2c\" data-element_type=\"column\" data-settings=\"{&quot;hoteller_ext_is_scrollme&quot;:&quot;false&quot;,&quot;hoteller_ext_is_smoove&quot;:&quot;false&quot;,&quot;hoteller_ext_is_parallax_mouse&quot;:&quot;false&quot;,&quot;hoteller_ext_is_infinite&quot;:&quot;false&quot;,&quot;hoteller_ext_is_fadeout_animation&quot;:&quot;false&quot;}\">\n\t\t\t<div class=\"elementor-widget-wrap elementor-element-populated\">\n\t\t\t\t\t\t<div class=\"elementor-element elementor-element-b04d817 elementor-widget elementor-widget-image\" data-id=\"b04d817\" data-element_type=\"widget\" data-settings=\"{&quot;hoteller_image_is_animation&quot;:&quot;false&quot;,&quot;hoteller_ext_is_scrollme&quot;:&quot;false&quot;,&quot;hoteller_ext_is_smoove&quot;:&quot;false&quot;,&quot;hoteller_ext_is_parallax_mouse&quot;:&quot;false&quot;,&quot;hoteller_ext_is_infinite&quot;:&quot;false&quot;,&quot;hoteller_ext_is_fadeout_animation&quot;:&quot;false&quot;}\" data-widget_type=\"image.default\">\n\t\t\t\t<div class=\"elementor-widget-container\">\n\t\t\t\t\t\t\t\t\t\t\t\t\t<img loading=\"lazy\" decoding=\"async\" width=\"1024\" height=\"704\" src=\"https:\/\/www.darmorocco.com\/fr\/wp-content\/uploads\/2021\/12\/Dar-Morocco-109-2-1024x704.jpg\" class=\"attachment-large size-large wp-image-3326\" alt=\"\" srcset=\"https:\/\/www.darmorocco.com\/fr\/wp-content\/uploads\/2021\/12\/Dar-Morocco-109-2-1024x704.jpg 1024w, https:\/\/www.darmorocco.com\/fr\/wp-content\/uploads\/2021\/12\/Dar-Morocco-109-2-300x206.jpg 300w, https:\/\/www.darmorocco.com\/fr\/wp-content\/uploads\/2021\/12\/Dar-Morocco-109-2-768x528.jpg 768w, https:\/\/www.darmorocco.com\/fr\/wp-content\/uploads\/2021\/12\/Dar-Morocco-109-2-440x303.jpg 440w, https:\/\/www.darmorocco.com\/fr\/wp-content\/uploads\/2021\/12\/Dar-Morocco-109-2-600x413.jpg 600w, https:\/\/www.darmorocco.com\/fr\/wp-content\/uploads\/2021\/12\/Dar-Morocco-109-2.jpg 1440w\" sizes=\"(max-width: 1024px) 100vw, 1024px\" \/>\t\t\t\t\t\t\t\t\t\t\t\t\t<\/div>\n\t\t\t\t<\/div>\n\t\t\t\t<div class=\"elementor-element elementor-element-96d7ce8 elementor-widget elementor-widget-heading\" data-id=\"96d7ce8\" data-element_type=\"widget\" data-settings=\"{&quot;hoteller_ext_is_scrollme&quot;:&quot;false&quot;,&quot;hoteller_ext_is_smoove&quot;:&quot;false&quot;,&quot;hoteller_ext_is_parallax_mouse&quot;:&quot;false&quot;,&quot;hoteller_ext_is_infinite&quot;:&quot;false&quot;,&quot;hoteller_ext_is_fadeout_animation&quot;:&quot;false&quot;}\" data-widget_type=\"heading.default\">\n\t\t\t\t<div class=\"elementor-widget-container\">\n\t\t\t<h2 class=\"elementor-heading-title elementor-size-medium\">La chambre de couleur verte<\/h2>\t\t<\/div>\n\t\t\t\t<\/div>\n\t\t\t\t<div class=\"elementor-element elementor-element-3488482 elementor-widget elementor-widget-text-editor\" data-id=\"3488482\" data-element_type=\"widget\" data-settings=\"{&quot;hoteller_ext_is_scrollme&quot;:&quot;false&quot;,&quot;hoteller_ext_is_smoove&quot;:&quot;false&quot;,&quot;hoteller_ext_is_parallax_mouse&quot;:&quot;false&quot;,&quot;hoteller_ext_is_infinite&quot;:&quot;false&quot;,&quot;hoteller_ext_is_fadeout_animation&quot;:&quot;false&quot;}\" data-widget_type=\"text-editor.default\">\n\t\t\t\t<div class=\"elementor-widget-container\">\n\t\t\t\t\t\t\t<p style=\"text-align: center;\">Situ\u00e9 au deuxi\u00e8me \u00e9tage avec entr\u00e9e par la terrasse. Trois lits simples et deux tables de chevet. Le sol est en mosa\u00efque traditionnelle.<\/p>\t\t\t\t\t\t<\/div>\n\t\t\t\t<\/div>\n\t\t\t\t<div class=\"elementor-element elementor-element-5f6b1df elementor-align-center elementor-widget elementor-widget-button\" data-id=\"5f6b1df\" data-element_type=\"widget\" data-settings=\"{&quot;hoteller_ext_is_scrollme&quot;:&quot;false&quot;,&quot;hoteller_ext_is_smoove&quot;:&quot;false&quot;,&quot;hoteller_ext_is_parallax_mouse&quot;:&quot;false&quot;,&quot;hoteller_ext_is_infinite&quot;:&quot;false&quot;,&quot;hoteller_ext_is_fadeout_animation&quot;:&quot;false&quot;}\" data-widget_type=\"button.default\">\n\t\t\t\t<div class=\"elementor-widget-container\">\n\t\t\t\t\t<div class=\"elementor-button-wrapper\">\n\t\t\t<a class=\"elementor-button elementor-button-link elementor-size-sm elementor-animation-shrink\" href=\"https:\/\/www.darmorocco.com\/fr\/accommodation\/la-chambre-de-couleur-verte\/\">\n\t\t\t\t\t\t<span class=\"elementor-button-content-wrapper\">\n\t\t\t\t\t\t<span class=\"elementor-button-text\">Plus d'info<\/span>\n\t\t<\/span>\n\t\t\t\t\t<\/a>\n\t\t<\/div>\n\t\t\t\t<\/div>\n\t\t\t\t<\/div>\n\t\t\t\t\t<\/div>\n\t\t<\/div>\n\t\t\t\t<div class=\"elementor-column elementor-col-33 elementor-top-column elementor-element elementor-element-ccd5534\" data-id=\"ccd5534\" data-element_type=\"column\" data-settings=\"{&quot;hoteller_ext_is_scrollme&quot;:&quot;false&quot;,&quot;hoteller_ext_is_smoove&quot;:&quot;false&quot;,&quot;hoteller_ext_is_parallax_mouse&quot;:&quot;false&quot;,&quot;hoteller_ext_is_infinite&quot;:&quot;false&quot;,&quot;hoteller_ext_is_fadeout_animation&quot;:&quot;false&quot;}\">\n\t\t\t<div class=\"elementor-widget-wrap elementor-element-populated\">\n\t\t\t\t\t\t<div class=\"elementor-element elementor-element-8a1d423 elementor-widget elementor-widget-image\" data-id=\"8a1d423\" data-element_type=\"widget\" data-settings=\"{&quot;hoteller_image_is_animation&quot;:&quot;false&quot;,&quot;hoteller_ext_is_scrollme&quot;:&quot;false&quot;,&quot;hoteller_ext_is_smoove&quot;:&quot;false&quot;,&quot;hoteller_ext_is_parallax_mouse&quot;:&quot;false&quot;,&quot;hoteller_ext_is_infinite&quot;:&quot;false&quot;,&quot;hoteller_ext_is_fadeout_animation&quot;:&quot;false&quot;}\" data-widget_type=\"image.default\">\n\t\t\t\t<div class=\"elementor-widget-container\">\n\t\t\t\t\t\t\t\t\t\t\t\t\t<img loading=\"lazy\" decoding=\"async\" width=\"1024\" height=\"704\" src=\"https:\/\/www.darmorocco.com\/fr\/wp-content\/uploads\/2021\/12\/dar-Morocco-112-3-1024x704.jpg\" class=\"attachment-large size-large wp-image-3347\" alt=\"\" srcset=\"https:\/\/www.darmorocco.com\/fr\/wp-content\/uploads\/2021\/12\/dar-Morocco-112-3-1024x704.jpg 1024w, https:\/\/www.darmorocco.com\/fr\/wp-content\/uploads\/2021\/12\/dar-Morocco-112-3-300x206.jpg 300w, https:\/\/www.darmorocco.com\/fr\/wp-content\/uploads\/2021\/12\/dar-Morocco-112-3-768x528.jpg 768w, https:\/\/www.darmorocco.com\/fr\/wp-content\/uploads\/2021\/12\/dar-Morocco-112-3-440x303.jpg 440w, https:\/\/www.darmorocco.com\/fr\/wp-content\/uploads\/2021\/12\/dar-Morocco-112-3-600x413.jpg 600w, https:\/\/www.darmorocco.com\/fr\/wp-content\/uploads\/2021\/12\/dar-Morocco-112-3.jpg 1440w\" sizes=\"(max-width: 1024px) 100vw, 1024px\" \/>\t\t\t\t\t\t\t\t\t\t\t\t\t<\/div>\n\t\t\t\t<\/div>\n\t\t\t\t<div class=\"elementor-element elementor-element-002d628 elementor-widget elementor-widget-heading\" data-id=\"002d628\" data-element_type=\"widget\" data-settings=\"{&quot;hoteller_ext_is_scrollme&quot;:&quot;false&quot;,&quot;hoteller_ext_is_smoove&quot;:&quot;false&quot;,&quot;hoteller_ext_is_parallax_mouse&quot;:&quot;false&quot;,&quot;hoteller_ext_is_infinite&quot;:&quot;false&quot;,&quot;hoteller_ext_is_fadeout_animation&quot;:&quot;false&quot;}\" data-widget_type=\"heading.default\">\n\t\t\t\t<div class=\"elementor-widget-container\">\n\t\t\t<h2 class=\"elementor-heading-title elementor-size-medium\">la chambre bleu clair<\/h2>\t\t<\/div>\n\t\t\t\t<\/div>\n\t\t\t\t<div class=\"elementor-element elementor-element-4987f58 elementor-widget elementor-widget-text-editor\" data-id=\"4987f58\" data-element_type=\"widget\" data-settings=\"{&quot;hoteller_ext_is_scrollme&quot;:&quot;false&quot;,&quot;hoteller_ext_is_smoove&quot;:&quot;false&quot;,&quot;hoteller_ext_is_parallax_mouse&quot;:&quot;false&quot;,&quot;hoteller_ext_is_infinite&quot;:&quot;false&quot;,&quot;hoteller_ext_is_fadeout_animation&quot;:&quot;false&quot;}\" data-widget_type=\"text-editor.default\">\n\t\t\t\t<div class=\"elementor-widget-container\">\n\t\t\t\t\t\t\t<p style=\"text-align: center;\">la chambre bleu clair est situ\u00e9e au deuxi\u00e8me \u00e9tage avec entr\u00e9e par la terrasse. disposer 4 lits Simple s\u00e9par\u00e9 et deux tables de chevet.\u00a0<\/p>\t\t\t\t\t\t<\/div>\n\t\t\t\t<\/div>\n\t\t\t\t<div class=\"elementor-element elementor-element-0f73be8 elementor-align-center elementor-widget elementor-widget-button\" data-id=\"0f73be8\" data-element_type=\"widget\" data-settings=\"{&quot;hoteller_ext_is_scrollme&quot;:&quot;false&quot;,&quot;hoteller_ext_is_smoove&quot;:&quot;false&quot;,&quot;hoteller_ext_is_parallax_mouse&quot;:&quot;false&quot;,&quot;hoteller_ext_is_infinite&quot;:&quot;false&quot;,&quot;hoteller_ext_is_fadeout_animation&quot;:&quot;false&quot;}\" data-widget_type=\"button.default\">\n\t\t\t\t<div class=\"elementor-widget-container\">\n\t\t\t\t\t<div class=\"elementor-button-wrapper\">\n\t\t\t<a class=\"elementor-button elementor-button-link elementor-size-sm elementor-animation-shrink\" href=\"https:\/\/www.darmorocco.com\/fr\/accommodation\/la-chambre-bleu-clair\/\">\n\t\t\t\t\t\t<span class=\"elementor-button-content-wrapper\">\n\t\t\t\t\t\t<span class=\"elementor-button-text\">Plus d'info<\/span>\n\t\t<\/span>\n\t\t\t\t\t<\/a>\n\t\t<\/div>\n\t\t\t\t<\/div>\n\t\t\t\t<\/div>\n\t\t\t\t\t<\/div>\n\t\t<\/div>\n\t\t\t\t<div class=\"elementor-column elementor-col-33 elementor-top-column elementor-element elementor-element-41f29e0\" data-id=\"41f29e0\" data-element_type=\"column\" data-settings=\"{&quot;hoteller_ext_is_scrollme&quot;:&quot;false&quot;,&quot;hoteller_ext_is_smoove&quot;:&quot;false&quot;,&quot;hoteller_ext_is_parallax_mouse&quot;:&quot;false&quot;,&quot;hoteller_ext_is_infinite&quot;:&quot;false&quot;,&quot;hoteller_ext_is_fadeout_animation&quot;:&quot;false&quot;}\">\n\t\t\t<div class=\"elementor-widget-wrap elementor-element-populated\">\n\t\t\t\t\t\t<div class=\"elementor-element elementor-element-b15d5bf elementor-widget elementor-widget-image\" data-id=\"b15d5bf\" data-element_type=\"widget\" data-settings=\"{&quot;hoteller_image_is_animation&quot;:&quot;false&quot;,&quot;hoteller_ext_is_scrollme&quot;:&quot;false&quot;,&quot;hoteller_ext_is_smoove&quot;:&quot;false&quot;,&quot;hoteller_ext_is_parallax_mouse&quot;:&quot;false&quot;,&quot;hoteller_ext_is_infinite&quot;:&quot;false&quot;,&quot;hoteller_ext_is_fadeout_animation&quot;:&quot;false&quot;}\" data-widget_type=\"image.default\">\n\t\t\t\t<div class=\"elementor-widget-container\">\n\t\t\t\t\t\t\t\t\t\t\t\t\t<img loading=\"lazy\" decoding=\"async\" width=\"1024\" height=\"704\" src=\"https:\/\/www.darmorocco.com\/fr\/wp-content\/uploads\/2021\/12\/Dar-Morocco-110-3-1024x704.jpg\" class=\"attachment-large size-large wp-image-3331\" alt=\"\" srcset=\"https:\/\/www.darmorocco.com\/fr\/wp-content\/uploads\/2021\/12\/Dar-Morocco-110-3-1024x704.jpg 1024w, https:\/\/www.darmorocco.com\/fr\/wp-content\/uploads\/2021\/12\/Dar-Morocco-110-3-300x206.jpg 300w, https:\/\/www.darmorocco.com\/fr\/wp-content\/uploads\/2021\/12\/Dar-Morocco-110-3-768x528.jpg 768w, https:\/\/www.darmorocco.com\/fr\/wp-content\/uploads\/2021\/12\/Dar-Morocco-110-3-440x303.jpg 440w, https:\/\/www.darmorocco.com\/fr\/wp-content\/uploads\/2021\/12\/Dar-Morocco-110-3-600x413.jpg 600w, https:\/\/www.darmorocco.com\/fr\/wp-content\/uploads\/2021\/12\/Dar-Morocco-110-3.jpg 1440w\" sizes=\"(max-width: 1024px) 100vw, 1024px\" \/>\t\t\t\t\t\t\t\t\t\t\t\t\t<\/div>\n\t\t\t\t<\/div>\n\t\t\t\t<div class=\"elementor-element elementor-element-e5329e2 elementor-widget elementor-widget-heading\" data-id=\"e5329e2\" data-element_type=\"widget\" data-settings=\"{&quot;hoteller_ext_is_scrollme&quot;:&quot;false&quot;,&quot;hoteller_ext_is_smoove&quot;:&quot;false&quot;,&quot;hoteller_ext_is_parallax_mouse&quot;:&quot;false&quot;,&quot;hoteller_ext_is_infinite&quot;:&quot;false&quot;,&quot;hoteller_ext_is_fadeout_animation&quot;:&quot;false&quot;}\" data-widget_type=\"heading.default\">\n\t\t\t\t<div class=\"elementor-widget-container\">\n\t\t\t<h2 class=\"elementor-heading-title elementor-size-medium\">La chambre verte<\/h2>\t\t<\/div>\n\t\t\t\t<\/div>\n\t\t\t\t<div class=\"elementor-element elementor-element-da09751 elementor-widget elementor-widget-text-editor\" data-id=\"da09751\" data-element_type=\"widget\" data-settings=\"{&quot;hoteller_ext_is_scrollme&quot;:&quot;false&quot;,&quot;hoteller_ext_is_smoove&quot;:&quot;false&quot;,&quot;hoteller_ext_is_parallax_mouse&quot;:&quot;false&quot;,&quot;hoteller_ext_is_infinite&quot;:&quot;false&quot;,&quot;hoteller_ext_is_fadeout_animation&quot;:&quot;false&quot;}\" data-widget_type=\"text-editor.default\">\n\t\t\t\t<div class=\"elementor-widget-container\">\n\t\t\t\t\t\t\t<p style=\"text-align: center;\">est situ\u00e9e au deuxi\u00e8me \u00e9tage avec entr\u00e9e par la terrasse. disposer 4 lits Simple s\u00e9par\u00e9 et deux tables de chevet.\u00a0<\/p>\t\t\t\t\t\t<\/div>\n\t\t\t\t<\/div>\n\t\t\t\t<div class=\"elementor-element elementor-element-02a5847 elementor-align-center elementor-widget elementor-widget-button\" data-id=\"02a5847\" data-element_type=\"widget\" data-settings=\"{&quot;hoteller_ext_is_scrollme&quot;:&quot;false&quot;,&quot;hoteller_ext_is_smoove&quot;:&quot;false&quot;,&quot;hoteller_ext_is_parallax_mouse&quot;:&quot;false&quot;,&quot;hoteller_ext_is_infinite&quot;:&quot;false&quot;,&quot;hoteller_ext_is_fadeout_animation&quot;:&quot;false&quot;}\" data-widget_type=\"button.default\">\n\t\t\t\t<div class=\"elementor-widget-container\">\n\t\t\t\t\t<div class=\"elementor-button-wrapper\">\n\t\t\t<a class=\"elementor-button elementor-button-link elementor-size-sm elementor-animation-shrink\" href=\"https:\/\/www.darmorocco.com\/fr\/accommodation\/la-chambre-verte\/\">\n\t\t\t\t\t\t<span class=\"elementor-button-content-wrapper\">\n\t\t\t\t\t\t<span class=\"elementor-button-text\">Plus d'info<\/span>\n\t\t<\/span>\n\t\t\t\t\t<\/a>\n\t\t<\/div>\n\t\t\t\t<\/div>\n\t\t\t\t<\/div>\n\t\t\t\t\t<\/div>\n\t\t<\/div>\n\t\t\t\t\t<\/div>\n\t\t<\/section>\n\t\t\t\t<section class=\"elementor-section elementor-top-section elementor-element elementor-element-ea8bdc5 elementor-section-stretched elementor-section-height-min-height elementor-section-content-middle elementor-hidden-mobile elementor-section-boxed elementor-section-height-default elementor-section-items-middle elementor-invisible\" data-id=\"ea8bdc5\" data-element_type=\"section\" data-settings=\"{&quot;stretch_section&quot;:&quot;section-stretched&quot;,&quot;background_background&quot;:&quot;classic&quot;,&quot;animation&quot;:&quot;fadeIn&quot;,&quot;shape_divider_bottom&quot;:&quot;arrow&quot;,&quot;hoteller_ext_is_background_parallax&quot;:&quot;false&quot;,&quot;hoteller_ext_is_background_on_scroll&quot;:&quot;false&quot;}\">\n\t\t\t\t\t\t\t<div class=\"elementor-background-overlay\"><\/div>\n\t\t\t\t\t\t<div class=\"elementor-shape elementor-shape-bottom\" data-negative=\"false\">\n\t\t\t<svg xmlns=\"http:\/\/www.w3.org\/2000\/svg\" viewBox=\"0 0 700 10\" preserveAspectRatio=\"none\">\n\t<path class=\"elementor-shape-fill\" d=\"M350,10L340,0h20L350,10z\"\/>\n<\/svg>\t\t<\/div>\n\t\t\t\t\t<div class=\"elementor-container elementor-column-gap-default\">\n\t\t\t\t\t<div class=\"elementor-column elementor-col-100 elementor-top-column elementor-element elementor-element-de2bdd2\" data-id=\"de2bdd2\" data-element_type=\"column\" data-settings=\"{&quot;hoteller_ext_is_scrollme&quot;:&quot;false&quot;,&quot;hoteller_ext_is_smoove&quot;:&quot;false&quot;,&quot;hoteller_ext_is_parallax_mouse&quot;:&quot;false&quot;,&quot;hoteller_ext_is_infinite&quot;:&quot;false&quot;,&quot;hoteller_ext_is_fadeout_animation&quot;:&quot;false&quot;}\">\n\t\t\t<div class=\"elementor-widget-wrap elementor-element-populated\">\n\t\t\t\t\t\t<section class=\"elementor-section elementor-inner-section elementor-element elementor-element-67f7d69 stellar elementor-section-boxed elementor-section-height-default elementor-section-height-default\" data-id=\"67f7d69\" data-element_type=\"section\" data-settings=\"{&quot;hoteller_ext_is_background_parallax&quot;:&quot;false&quot;,&quot;hoteller_ext_is_background_on_scroll&quot;:&quot;false&quot;}\">\n\t\t\t\t\t\t<div class=\"elementor-container elementor-column-gap-default\">\n\t\t\t\t\t<div class=\"elementor-column elementor-col-33 elementor-inner-column elementor-element elementor-element-458729b\" data-id=\"458729b\" data-element_type=\"column\" data-settings=\"{&quot;hoteller_ext_is_scrollme&quot;:&quot;false&quot;,&quot;hoteller_ext_is_smoove&quot;:&quot;false&quot;,&quot;hoteller_ext_is_parallax_mouse&quot;:&quot;false&quot;,&quot;hoteller_ext_is_infinite&quot;:&quot;false&quot;,&quot;hoteller_ext_is_fadeout_animation&quot;:&quot;false&quot;}\">\n\t\t\t<div class=\"elementor-widget-wrap\">\n\t\t\t\t\t\t\t<\/div>\n\t\t<\/div>\n\t\t\t\t<div class=\"elementor-column elementor-col-33 elementor-inner-column elementor-element elementor-element-92f3fbf\" data-id=\"92f3fbf\" data-element_type=\"column\" data-settings=\"{&quot;hoteller_ext_is_scrollme&quot;:&quot;false&quot;,&quot;hoteller_ext_is_smoove&quot;:&quot;false&quot;,&quot;hoteller_ext_is_parallax_mouse&quot;:&quot;false&quot;,&quot;hoteller_ext_is_infinite&quot;:&quot;false&quot;,&quot;hoteller_ext_is_fadeout_animation&quot;:&quot;false&quot;}\">\n\t\t\t<div class=\"elementor-widget-wrap\">\n\t\t\t\t\t\t\t<\/div>\n\t\t<\/div>\n\t\t\t\t<div class=\"elementor-column elementor-col-33 elementor-inner-column elementor-element elementor-element-7162f8e\" data-id=\"7162f8e\" data-element_type=\"column\" data-settings=\"{&quot;hoteller_ext_is_scrollme&quot;:&quot;false&quot;,&quot;hoteller_ext_is_smoove&quot;:&quot;false&quot;,&quot;hoteller_ext_is_parallax_mouse&quot;:&quot;false&quot;,&quot;hoteller_ext_is_infinite&quot;:&quot;false&quot;,&quot;hoteller_ext_is_fadeout_animation&quot;:&quot;false&quot;}\">\n\t\t\t<div class=\"elementor-widget-wrap elementor-element-populated\">\n\t\t\t\t\t\t<div class=\"elementor-element elementor-element-968305e elementor-invisible elementor-widget elementor-widget-heading\" data-id=\"968305e\" data-element_type=\"widget\" data-settings=\"{&quot;_animation&quot;:&quot;fadeInUp&quot;,&quot;hoteller_ext_is_scrollme&quot;:&quot;false&quot;,&quot;hoteller_ext_is_smoove&quot;:&quot;false&quot;,&quot;hoteller_ext_is_parallax_mouse&quot;:&quot;false&quot;,&quot;hoteller_ext_is_infinite&quot;:&quot;false&quot;,&quot;hoteller_ext_is_fadeout_animation&quot;:&quot;false&quot;}\" data-widget_type=\"heading.default\">\n\t\t\t\t<div class=\"elementor-widget-container\">\n\t\t\t<h2 class=\"elementor-heading-title elementor-size-default\">Si vous \u00eates un groupe ou une famille, vous \u00eates les bienvenus. <\/h2>\t\t<\/div>\n\t\t\t\t<\/div>\n\t\t\t\t<div class=\"elementor-element elementor-element-162aa76 elementor-invisible elementor-widget elementor-widget-text-editor\" data-id=\"162aa76\" data-element_type=\"widget\" data-settings=\"{&quot;_animation&quot;:&quot;fadeInUp&quot;,&quot;_animation_delay&quot;:400,&quot;hoteller_ext_is_scrollme&quot;:&quot;false&quot;,&quot;hoteller_ext_is_smoove&quot;:&quot;false&quot;,&quot;hoteller_ext_is_parallax_mouse&quot;:&quot;false&quot;,&quot;hoteller_ext_is_infinite&quot;:&quot;false&quot;,&quot;hoteller_ext_is_fadeout_animation&quot;:&quot;false&quot;}\" data-widget_type=\"text-editor.default\">\n\t\t\t\t<div class=\"elementor-widget-container\">\n\t\t\t\t\t\t\t<p>Qu&rsquo;il s&rsquo;agisse d&rsquo;un mariage, d&rsquo;une lune de miel, d&rsquo;un anniversaire ou d&rsquo;une f\u00eate :\u00a0 Riad de Luxe Dar Morocco rendra les jours les plus importants magiques. Notre \u00e9quipe s&rsquo;occupera de tous les d\u00e9tails. Notre sp\u00e9cialit\u00e9 est de r\u00e9pondre aux demandes. Nous ferons tout notre possible pour rendre votre s\u00e9jour inoubliable !<\/p>\t\t\t\t\t\t<\/div>\n\t\t\t\t<\/div>\n\t\t\t\t<div class=\"elementor-element elementor-element-89bea2f elementor-mobile-align-center elementor-invisible elementor-widget elementor-widget-button\" data-id=\"89bea2f\" data-element_type=\"widget\" data-settings=\"{&quot;_animation&quot;:&quot;fadeInUp&quot;,&quot;_animation_delay&quot;:800,&quot;hoteller_ext_is_scrollme&quot;:&quot;false&quot;,&quot;hoteller_ext_is_smoove&quot;:&quot;false&quot;,&quot;hoteller_ext_is_parallax_mouse&quot;:&quot;false&quot;,&quot;hoteller_ext_is_infinite&quot;:&quot;false&quot;,&quot;hoteller_ext_is_fadeout_animation&quot;:&quot;false&quot;}\" data-widget_type=\"button.default\">\n\t\t\t\t<div class=\"elementor-widget-container\">\n\t\t\t\t\t<div class=\"elementor-button-wrapper\">\n\t\t\t<a class=\"elementor-button elementor-button-link elementor-size-sm elementor-animation-shrink\" href=\"https:\/\/www.darmorocco.com\/fr\/contacts\/\">\n\t\t\t\t\t\t<span class=\"elementor-button-content-wrapper\">\n\t\t\t\t\t\t<span class=\"elementor-button-text\">Contactez Nous<\/span>\n\t\t<\/span>\n\t\t\t\t\t<\/a>\n\t\t<\/div>\n\t\t\t\t<\/div>\n\t\t\t\t<\/div>\n\t\t\t\t\t<\/div>\n\t\t<\/div>\n\t\t\t\t\t<\/div>\n\t\t<\/section>\n\t\t\t\t\t<\/div>\n\t\t<\/div>\n\t\t\t\t\t<\/div>\n\t\t<\/section>\n\t\t\t\t<section class=\"elementor-section elementor-top-section elementor-element elementor-element-d30820f elementor-section-stretched elementor-section-height-min-height elementor-section-content-middle elementor-hidden-desktop elementor-hidden-tablet elementor-section-boxed elementor-section-height-default elementor-section-items-middle elementor-invisible\" data-id=\"d30820f\" data-element_type=\"section\" data-settings=\"{&quot;stretch_section&quot;:&quot;section-stretched&quot;,&quot;background_background&quot;:&quot;classic&quot;,&quot;animation&quot;:&quot;fadeIn&quot;,&quot;shape_divider_bottom&quot;:&quot;arrow&quot;,&quot;hoteller_ext_is_background_parallax&quot;:&quot;false&quot;,&quot;hoteller_ext_is_background_on_scroll&quot;:&quot;false&quot;}\">\n\t\t\t\t\t\t\t<div class=\"elementor-background-overlay\"><\/div>\n\t\t\t\t\t\t<div class=\"elementor-shape elementor-shape-bottom\" data-negative=\"false\">\n\t\t\t<svg xmlns=\"http:\/\/www.w3.org\/2000\/svg\" viewBox=\"0 0 700 10\" preserveAspectRatio=\"none\">\n\t<path class=\"elementor-shape-fill\" d=\"M350,10L340,0h20L350,10z\"\/>\n<\/svg>\t\t<\/div>\n\t\t\t\t\t<div class=\"elementor-container elementor-column-gap-default\">\n\t\t\t\t\t<div class=\"elementor-column elementor-col-100 elementor-top-column elementor-element elementor-element-83c3ef8\" data-id=\"83c3ef8\" data-element_type=\"column\" data-settings=\"{&quot;hoteller_ext_is_scrollme&quot;:&quot;false&quot;,&quot;hoteller_ext_is_smoove&quot;:&quot;false&quot;,&quot;hoteller_ext_is_parallax_mouse&quot;:&quot;false&quot;,&quot;hoteller_ext_is_infinite&quot;:&quot;false&quot;,&quot;hoteller_ext_is_fadeout_animation&quot;:&quot;false&quot;}\">\n\t\t\t<div class=\"elementor-widget-wrap\">\n\t\t\t\t\t\t\t<\/div>\n\t\t<\/div>\n\t\t\t\t\t<\/div>\n\t\t<\/section>\n\t\t\t\t<section class=\"elementor-section elementor-top-section elementor-element elementor-element-392feca elementor-section-stretched elementor-hidden-desktop elementor-hidden-tablet elementor-section-boxed elementor-section-height-default elementor-section-height-default\" data-id=\"392feca\" data-element_type=\"section\" data-settings=\"{&quot;stretch_section&quot;:&quot;section-stretched&quot;,&quot;hoteller_ext_is_background_parallax&quot;:&quot;false&quot;,&quot;hoteller_ext_is_background_on_scroll&quot;:&quot;false&quot;}\">\n\t\t\t\t\t\t<div class=\"elementor-container elementor-column-gap-default\">\n\t\t\t\t\t<div class=\"elementor-column elementor-col-100 elementor-top-column elementor-element elementor-element-6866616\" data-id=\"6866616\" data-element_type=\"column\" data-settings=\"{&quot;hoteller_ext_is_scrollme&quot;:&quot;false&quot;,&quot;hoteller_ext_is_smoove&quot;:&quot;false&quot;,&quot;hoteller_ext_is_parallax_mouse&quot;:&quot;false&quot;,&quot;hoteller_ext_is_infinite&quot;:&quot;false&quot;,&quot;hoteller_ext_is_fadeout_animation&quot;:&quot;false&quot;}\">\n\t\t\t<div class=\"elementor-widget-wrap elementor-element-populated\">\n\t\t\t\t\t\t<div class=\"elementor-element elementor-element-3c899cb elementor-invisible elementor-widget elementor-widget-heading\" data-id=\"3c899cb\" data-element_type=\"widget\" data-settings=\"{&quot;_animation&quot;:&quot;fadeInUp&quot;,&quot;hoteller_ext_is_scrollme&quot;:&quot;false&quot;,&quot;hoteller_ext_is_smoove&quot;:&quot;false&quot;,&quot;hoteller_ext_is_parallax_mouse&quot;:&quot;false&quot;,&quot;hoteller_ext_is_infinite&quot;:&quot;false&quot;,&quot;hoteller_ext_is_fadeout_animation&quot;:&quot;false&quot;}\" data-widget_type=\"heading.default\">\n\t\t\t\t<div class=\"elementor-widget-container\">\n\t\t\t<h2 class=\"elementor-heading-title elementor-size-default\">Si vous \u00eates un groupe ou une famille, vous \u00eates les bienvenus. <\/h2>\t\t<\/div>\n\t\t\t\t<\/div>\n\t\t\t\t<div class=\"elementor-element elementor-element-8d38642 elementor-invisible elementor-widget elementor-widget-text-editor\" data-id=\"8d38642\" data-element_type=\"widget\" data-settings=\"{&quot;_animation&quot;:&quot;fadeInUp&quot;,&quot;_animation_delay&quot;:400,&quot;hoteller_ext_is_scrollme&quot;:&quot;false&quot;,&quot;hoteller_ext_is_smoove&quot;:&quot;false&quot;,&quot;hoteller_ext_is_parallax_mouse&quot;:&quot;false&quot;,&quot;hoteller_ext_is_infinite&quot;:&quot;false&quot;,&quot;hoteller_ext_is_fadeout_animation&quot;:&quot;false&quot;}\" data-widget_type=\"text-editor.default\">\n\t\t\t\t<div class=\"elementor-widget-container\">\n\t\t\t\t\t\t\t<p>Qu&rsquo;il s&rsquo;agisse d&rsquo;un mariage, d&rsquo;une lune de miel, d&rsquo;un anniversaire ou d&rsquo;une f\u00eate :\u00a0 Riad de Luxe Dar Morocco rendra les jours les plus importants magiques. Notre \u00e9quipe s&rsquo;occupera de tous les d\u00e9tails. Notre sp\u00e9cialit\u00e9 est de r\u00e9pondre aux demandes. Nous ferons tout notre possible pour rendre votre s\u00e9jour inoubliable !<\/p>\t\t\t\t\t\t<\/div>\n\t\t\t\t<\/div>\n\t\t\t\t<div class=\"elementor-element elementor-element-e4f4f8a elementor-mobile-align-center elementor-invisible elementor-widget elementor-widget-button\" data-id=\"e4f4f8a\" data-element_type=\"widget\" data-settings=\"{&quot;_animation&quot;:&quot;fadeInUp&quot;,&quot;_animation_delay&quot;:800,&quot;hoteller_ext_is_scrollme&quot;:&quot;false&quot;,&quot;hoteller_ext_is_smoove&quot;:&quot;false&quot;,&quot;hoteller_ext_is_parallax_mouse&quot;:&quot;false&quot;,&quot;hoteller_ext_is_infinite&quot;:&quot;false&quot;,&quot;hoteller_ext_is_fadeout_animation&quot;:&quot;false&quot;}\" data-widget_type=\"button.default\">\n\t\t\t\t<div class=\"elementor-widget-container\">\n\t\t\t\t\t<div class=\"elementor-button-wrapper\">\n\t\t\t<a class=\"elementor-button elementor-button-link elementor-size-sm elementor-animation-shrink\" href=\"https:\/\/www.darmorocco.com\/fr\/contacts\/\">\n\t\t\t\t\t\t<span class=\"elementor-button-content-wrapper\">\n\t\t\t\t\t\t<span class=\"elementor-button-text\">Contact Nous<\/span>\n\t\t<\/span>\n\t\t\t\t\t<\/a>\n\t\t<\/div>\n\t\t\t\t<\/div>\n\t\t\t\t<\/div>\n\t\t\t\t\t<\/div>\n\t\t<\/div>\n\t\t\t\t\t<\/div>\n\t\t<\/section>\n\t\t\t\t<\/div>\n\t\t","protected":false},"excerpt":{"rendered":"<p>D\u00e9couvrez les Chambre de Riad De luxe Dar Morocco D\u00e9couvrez les Chambre de Riad de luxe Dar Morocco Riad Dar Morocco Hotel \u00e0 Merzouga Nos chambres conservent un style marocain \u00e9l\u00e9gant et traditionnel. Les chambres sont toutes tr\u00e8s spacieuses et [&hellip;]<\/p>\n","protected":false},"author":1,"featured_media":0,"parent":0,"menu_order":0,"comment_status":"closed","ping_status":"closed","template":"","meta":{"footnotes":""},"class_list":["post-204","page","type-page","status-publish","hentry"],"yoast_head":"<!-- This site is optimized with the Yoast SEO plugin v22.3 - https:\/\/yoast.com\/wordpress\/plugins\/seo\/ -->\n<title>Chambres: Riad Dar Morocco<\/title>\n<meta name=\"description\" content=\"Chambres, Riad Dar Morocco, Maison d hotes Merzouga, Hotel a Merzouga, Hotel a Erg Chebbi, Hotel Au Maroc, Chambres\" \/>\n<meta name=\"robots\" content=\"index, follow, max-snippet:-1, max-image-preview:large, max-video-preview:-1\" \/>\n<link rel=\"canonical\" href=\"https:\/\/www.darmorocco.com\/fr\/chambres\/\" \/>\n<meta property=\"og:locale\" content=\"fr_FR\" \/>\n<meta property=\"og:type\" content=\"article\" \/>\n<meta property=\"og:title\" content=\"Chambres: Riad Dar Morocco\" \/>\n<meta property=\"og:description\" content=\"Chambres, Riad Dar Morocco, Maison d hotes Merzouga, Hotel a Merzouga, Hotel a Erg Chebbi, Hotel Au Maroc, Chambres\" \/>\n<meta property=\"og:url\" content=\"https:\/\/www.darmorocco.com\/fr\/chambres\/\" \/>\n<meta property=\"og:site_name\" content=\"Riad Dar Morocco\" \/>\n<meta property=\"article:modified_time\" content=\"2022-10-08T17:31:23+00:00\" \/>\n<meta property=\"og:image\" content=\"https:\/\/www.darmorocco.com\/fr\/wp-content\/uploads\/2021\/12\/dar-morocco-101_0000_Dar-Morocco-101-4-1024x704.jpg\" \/>\n<meta name=\"twitter:card\" content=\"summary_large_image\" \/>\n<meta name=\"twitter:label1\" content=\"Dur\u00e9e de lecture estim\u00e9e\" \/>\n\t<meta name=\"twitter:data1\" content=\"6 minutes\" \/>\n<script type=\"application\/ld+json\" class=\"yoast-schema-graph\">{\"@context\":\"https:\/\/schema.org\",\"@graph\":[{\"@type\":\"WebPage\",\"@id\":\"https:\/\/www.darmorocco.com\/fr\/chambres\/\",\"url\":\"https:\/\/www.darmorocco.com\/fr\/chambres\/\",\"name\":\"Chambres: Riad Dar Morocco\",\"isPartOf\":{\"@id\":\"https:\/\/www.darmorocco.com\/fr\/#website\"},\"primaryImageOfPage\":{\"@id\":\"https:\/\/www.darmorocco.com\/fr\/chambres\/#primaryimage\"},\"image\":{\"@id\":\"https:\/\/www.darmorocco.com\/fr\/chambres\/#primaryimage\"},\"thumbnailUrl\":\"https:\/\/www.darmorocco.com\/fr\/wp-content\/uploads\/2021\/12\/dar-morocco-101_0000_Dar-Morocco-101-4-1024x704.jpg\",\"datePublished\":\"2018-06-13T11:45:42+00:00\",\"dateModified\":\"2022-10-08T17:31:23+00:00\",\"description\":\"Chambres, Riad Dar Morocco, Maison d hotes Merzouga, Hotel a Merzouga, Hotel a Erg Chebbi, Hotel Au Maroc, Chambres\",\"breadcrumb\":{\"@id\":\"https:\/\/www.darmorocco.com\/fr\/chambres\/#breadcrumb\"},\"inLanguage\":\"fr-FR\",\"potentialAction\":[{\"@type\":\"ReadAction\",\"target\":[\"https:\/\/www.darmorocco.com\/fr\/chambres\/\"]}]},{\"@type\":\"ImageObject\",\"inLanguage\":\"fr-FR\",\"@id\":\"https:\/\/www.darmorocco.com\/fr\/chambres\/#primaryimage\",\"url\":\"https:\/\/www.darmorocco.com\/fr\/wp-content\/uploads\/2021\/12\/dar-morocco-101_0000_Dar-Morocco-101-4.jpg\",\"contentUrl\":\"https:\/\/www.darmorocco.com\/fr\/wp-content\/uploads\/2021\/12\/dar-morocco-101_0000_Dar-Morocco-101-4.jpg\",\"width\":1440,\"height\":990},{\"@type\":\"BreadcrumbList\",\"@id\":\"https:\/\/www.darmorocco.com\/fr\/chambres\/#breadcrumb\",\"itemListElement\":[{\"@type\":\"ListItem\",\"position\":1,\"name\":\"Accueil\",\"item\":\"https:\/\/www.darmorocco.com\/fr\/\"},{\"@type\":\"ListItem\",\"position\":2,\"name\":\"Chambres\"}]},{\"@type\":\"WebSite\",\"@id\":\"https:\/\/www.darmorocco.com\/fr\/#website\",\"url\":\"https:\/\/www.darmorocco.com\/fr\/\",\"name\":\"Riad Dar Morocco\",\"description\":\"Stay with us Feel like Home\",\"potentialAction\":[{\"@type\":\"SearchAction\",\"target\":{\"@type\":\"EntryPoint\",\"urlTemplate\":\"https:\/\/www.darmorocco.com\/fr\/?s={search_term_string}\"},\"query-input\":\"required name=search_term_string\"}],\"inLanguage\":\"fr-FR\"}]}<\/script>\n<!-- \/ Yoast SEO plugin. -->","yoast_head_json":{"title":"Chambres: Riad Dar Morocco","description":"Chambres, Riad Dar Morocco, Maison d hotes Merzouga, Hotel a Merzouga, Hotel a Erg Chebbi, Hotel Au Maroc, Chambres","robots":{"index":"index","follow":"follow","max-snippet":"max-snippet:-1","max-image-preview":"max-image-preview:large","max-video-preview":"max-video-preview:-1"},"canonical":"https:\/\/www.darmorocco.com\/fr\/chambres\/","og_locale":"fr_FR","og_type":"article","og_title":"Chambres: Riad Dar Morocco","og_description":"Chambres, Riad Dar Morocco, Maison d hotes Merzouga, Hotel a Merzouga, Hotel a Erg Chebbi, Hotel Au Maroc, Chambres","og_url":"https:\/\/www.darmorocco.com\/fr\/chambres\/","og_site_name":"Riad Dar Morocco","article_modified_time":"2022-10-08T17:31:23+00:00","og_image":[{"url":"https:\/\/www.darmorocco.com\/fr\/wp-content\/uploads\/2021\/12\/dar-morocco-101_0000_Dar-Morocco-101-4-1024x704.jpg"}],"twitter_card":"summary_large_image","twitter_misc":{"Dur\u00e9e de lecture estim\u00e9e":"6 minutes"},"schema":{"@context":"https:\/\/schema.org","@graph":[{"@type":"WebPage","@id":"https:\/\/www.darmorocco.com\/fr\/chambres\/","url":"https:\/\/www.darmorocco.com\/fr\/chambres\/","name":"Chambres: Riad Dar Morocco","isPartOf":{"@id":"https:\/\/www.darmorocco.com\/fr\/#website"},"primaryImageOfPage":{"@id":"https:\/\/www.darmorocco.com\/fr\/chambres\/#primaryimage"},"image":{"@id":"https:\/\/www.darmorocco.com\/fr\/chambres\/#primaryimage"},"thumbnailUrl":"https:\/\/www.darmorocco.com\/fr\/wp-content\/uploads\/2021\/12\/dar-morocco-101_0000_Dar-Morocco-101-4-1024x704.jpg","datePublished":"2018-06-13T11:45:42+00:00","dateModified":"2022-10-08T17:31:23+00:00","description":"Chambres, Riad Dar Morocco, Maison d hotes Merzouga, Hotel a Merzouga, Hotel a Erg Chebbi, Hotel Au Maroc, Chambres","breadcrumb":{"@id":"https:\/\/www.darmorocco.com\/fr\/chambres\/#breadcrumb"},"inLanguage":"fr-FR","potentialAction":[{"@type":"ReadAction","target":["https:\/\/www.darmorocco.com\/fr\/chambres\/"]}]},{"@type":"ImageObject","inLanguage":"fr-FR","@id":"https:\/\/www.darmorocco.com\/fr\/chambres\/#primaryimage","url":"https:\/\/www.darmorocco.com\/fr\/wp-content\/uploads\/2021\/12\/dar-morocco-101_0000_Dar-Morocco-101-4.jpg","contentUrl":"https:\/\/www.darmorocco.com\/fr\/wp-content\/uploads\/2021\/12\/dar-morocco-101_0000_Dar-Morocco-101-4.jpg","width":1440,"height":990},{"@type":"BreadcrumbList","@id":"https:\/\/www.darmorocco.com\/fr\/chambres\/#breadcrumb","itemListElement":[{"@type":"ListItem","position":1,"name":"Accueil","item":"https:\/\/www.darmorocco.com\/fr\/"},{"@type":"ListItem","position":2,"name":"Chambres"}]},{"@type":"WebSite","@id":"https:\/\/www.darmorocco.com\/fr\/#website","url":"https:\/\/www.darmorocco.com\/fr\/","name":"Riad Dar Morocco","description":"Stay with us Feel like Home","potentialAction":[{"@type":"SearchAction","target":{"@type":"EntryPoint","urlTemplate":"https:\/\/www.darmorocco.com\/fr\/?s={search_term_string}"},"query-input":"required name=search_term_string"}],"inLanguage":"fr-FR"}]}},"_links":{"self":[{"href":"https:\/\/www.darmorocco.com\/fr\/wp-json\/wp\/v2\/pages\/204","targetHints":{"allow":["GET"]}}],"collection":[{"href":"https:\/\/www.darmorocco.com\/fr\/wp-json\/wp\/v2\/pages"}],"about":[{"href":"https:\/\/www.darmorocco.com\/fr\/wp-json\/wp\/v2\/types\/page"}],"author":[{"embeddable":true,"href":"https:\/\/www.darmorocco.com\/fr\/wp-json\/wp\/v2\/users\/1"}],"replies":[{"embeddable":true,"href":"https:\/\/www.darmorocco.com\/fr\/wp-json\/wp\/v2\/comments?post=204"}],"version-history":[{"count":278,"href":"https:\/\/www.darmorocco.com\/fr\/wp-json\/wp\/v2\/pages\/204\/revisions"}],"predecessor-version":[{"id":5326,"href":"https:\/\/www.darmorocco.com\/fr\/wp-json\/wp\/v2\/pages\/204\/revisions\/5326"}],"wp:attachment":[{"href":"https:\/\/www.darmorocco.com\/fr\/wp-json\/wp\/v2\/media?parent=204"}],"curies":[{"name":"wp","href":"https:\/\/api.w.org\/{rel}","templated":true}]}}